{"id":1007,"date":"2016-10-12T19:13:32","date_gmt":"2016-10-12T17:13:32","guid":{"rendered":"http:\/\/www.asurb.com\/asurb3\/?page_id=1007"},"modified":"2016-10-22T13:49:58","modified_gmt":"2016-10-22T11:49:58","slug":"selma","status":"publish","type":"page","link":"https:\/\/asurb.com\/asurb3\/?page_id=1007","title":{"rendered":"Selma"},"content":{"rendered":"<p style=\"text-align: justify;\"><strong>\u00a0De Mohamed BEN ATTIA &#8211; Tunisie \u2013 2013 <\/strong><\/p>\n<p style=\"text-align: justify;\">De Mohamed BEN ATTIA &#8211; Tunisie \u2013 2013 -20 min \u2013 fiction \u2013 couleur &#8211; VO arabe STF<br \/>\nSc\u00e9nario\u00a0: Mohamed Ben Attia \u2013 Image\u00a0: Hazem Berrebah \u2013 Son\u00a0: Walid Ouerghi \u2013 Montage\u00a0: Selma Zeghidi \u2013 Interpr\u00e9tation\u00a0: Nejma Zeghidi , Rafiaa Boutekkine Belhoute, Asma Fallah Production\/distribution\u00a0: Nomadis Images 11 rue de Mami 2078 La Marsa &#8211; 216 71 74 90 80 \u2013 dora.bouchoucha@gmail.com &#8211; Co-production\u00a0: Propaganda Production, Imed Marzouk 41avenue Habib Bourguiba, 2078 La Marsa \u2013 Tel\u00a0: 216 71\u00a0744\u00a0815 \u2013 i.marzouk@gnet.tn<br \/>\nS\u00e9lectionn\u00e9 en 2014 aux festivals de courts-m\u00e9trages de Clermont-Ferrand et Cin\u00e9Sud.<\/p>\n<h4 style=\"text-align: justify;\"><span style=\"color: #ff0000;\">Synopsis <\/span><\/h4>\n<p style=\"text-align: justify;\">Apr\u00e8s la mort accidentelle de son mari chauffeur de taxi, Selma d\u00e9cide de se prendre en main pour offrir un meilleur avenir \u00e0 sa fille et \u00e0 elle-m\u00eame. Elle veut reprendre la profession de son mari mais elle aura besoin de toute sa d\u00e9termination et de l\u2019affection de sa fille pour faire face aux pr\u00e9jug\u00e9s et aux obstacles qui se dressent sur sa route. Une actrice lumineuse et un beau portrait de femme dans la Tunisie contemporaine.<\/p>\n<h4 style=\"text-align: justify;\"><span style=\"color: #ff0000;\">Le r\u00e9alisateur<\/span><\/h4>\n<p style=\"text-align: justify;\">Mohamed Ben Attia, n\u00e9 en 1976 \u00e0 Tunis, d\u00e9tenteur d\u2019un DESS en communication audiovisuelle, a \u00e9t\u00e9 form\u00e9 \u00e0 l\u2019atelier d\u2019\u00e9criture \u00ab\u00a0Sud \u00e9criture\u00a0\u00bb (Tunis). Son 2\u00e8me court m\u00e9trage, Comme les autres\u00a0 (Kif Lokhrim\u00a0) a re\u00e7u le poulain d\u2019argent au Fespaco en 2006. Apr\u00e8s \u00a0Mouja\u00a0 (La vague) d\u00e9voil\u00e9 aux JCC (Journ\u00e9es cin\u00e9matographiques de Carthage) en 2010, il r\u00e9alise \u00a0Loi 76\u00a0 puis Selma en 2013, s\u00e9lectionn\u00e9 \u00e0 Clermont-Ferrand.<\/p>\n<p style=\"text-align: justify;\">.<\/p>\n","protected":false},"excerpt":{"rendered":"<p>\u00a0De Mohamed BEN ATTIA &#8211; Tunisie \u2013 2013 De Mohamed BEN ATTIA &#8211; Tunisie \u2013 2013 -20 min \u2013 fiction \u2013 couleur &#8211; VO arabe STF Sc\u00e9nario\u00a0: Mohamed Ben Attia [&hellip;]<\/p>\n","protected":false},"author":1,"featured_media":0,"parent":26,"menu_order":0,"comment_status":"closed","ping_status":"closed","template":"","meta":{"footnotes":""},"class_list":["post-1007","page","type-page","status-publish","hentry"],"jetpack_sharing_enabled":true,"jetpack_shortlink":"https:\/\/wp.me\/P7C6tF-gf","jetpack-related-posts":[{"id":385,"url":"https:\/\/asurb.com\/asurb3\/?page_id=385","url_meta":{"origin":1007,"position":0},"title":"Mouja ( La vague )","author":"webmaster","date":"5 juin 2016","format":false,"excerpt":"Tunisie - 2012 - fiction - couleur - 12 min - VO en arabe tunisien STFR Pr\u00e9sent\u00e9 pour la premi\u00e8re fois aux JCC (Carthage) en 2010, le film a \u00e9t\u00e9 s\u00e9lectionn\u00e9 en 2012 dans plusieurs festivals : Festival de Courts-M\u00e9trages de Vaux-en-Velin, Festival international du Film d\u2019Amour de Mons, Festival\u2026","rel":"","context":"Article similaire","block_context":{"text":"Article similaire","link":""},"img":{"alt_text":"MOUJA_1_Fiche","src":"https:\/\/i0.wp.com\/asurb.com\/asurb3\/wp-content\/uploads\/2016\/06\/MOUJA_1_Fiche.jpg?resize=350%2C200&ssl=1","width":350,"height":200},"classes":[]},{"id":460,"url":"https:\/\/asurb.com\/asurb3\/?page_id=460","url_meta":{"origin":1007,"position":1},"title":"Tiraillement","author":"webmaster","date":"5 juin 2016","format":false,"excerpt":"De Najwa SLAMA - 18min - Tunisie - 2010 Fiction - couleur - Beta digital - version originale en arabe sous-titr\u00e9e en fran\u00e7ais Sc\u00e9nario : Najwa Slama ; Image : Mohamed Maghraoui ; Montage : Raouf Zaza ; Musique : Rabii Zammouri ; Son : Selma Thabet ; Interpr\u00e8tes :\u2026","rel":"","context":"Article similaire","block_context":{"text":"Article similaire","link":""},"img":{"alt_text":"Tiraillement_Fiche","src":"https:\/\/i0.wp.com\/asurb.com\/asurb3\/wp-content\/uploads\/2016\/06\/Tiraillement_Fiche.jpg?resize=350%2C200&ssl=1","width":350,"height":200},"classes":[]},{"id":2437,"url":"https:\/\/asurb.com\/asurb3\/?page_id=2437","url_meta":{"origin":1007,"position":2},"title":"Black Mamba","author":"webmaster","date":"5 juin 2019","format":false,"excerpt":"De Amel GUELLATY \u2013 Tunisie \u2013 2017 \u2013 20 min \u2013 fiction \u2013 couleur \u2013 VO arabe STF De Amel GUELLATY \u2013 Tunisie \u2013 2017 \u2013 20 min \u2013 fiction \u2013 couleur \u2013 VO arabe STF \u2013 Sc\u00e9nario\u00a0: Amel Guellaty \u2013 Image\u00a0: Ikbel Arafa \u2013 Musique\u00a0: Omar Aloulou - Montage\u2026","rel":"","context":"Article similaire","block_context":{"text":"Article similaire","link":""},"img":{"alt_text":"","src":"https:\/\/i0.wp.com\/asurb.com\/asurb3\/wp-content\/uploads\/2018\/10\/Black-mamba-225x300.jpg?resize=350%2C200&ssl=1","width":350,"height":200},"classes":[]},{"id":334,"url":"https:\/\/asurb.com\/asurb3\/?page_id=334","url_meta":{"origin":1007,"position":3},"title":"Le poisson noy\u00e9","author":"webmaster","date":"5 juin 2016","format":false,"excerpt":"De Malik AMARA - 18 min - Tunisie - 2008 Fiction - couleur - 35mm - version originale en arabe sous-titr\u00e9e en Fran\u00e7ais Sc\u00e9nario : Malik Amara ; Images : Nabil Saidi ; Montage : Penda Hourgambe ; Son : Karim Guerima ; D\u00e9cor : Axelle Amara ; Interpr\u00e9tation :\u2026","rel":"","context":"Article similaire","block_context":{"text":"Article similaire","link":""},"img":{"alt_text":"Malick_Amara_Fiche","src":"https:\/\/i0.wp.com\/asurb.com\/asurb3\/wp-content\/uploads\/2016\/06\/Malick_Amara_Fiche.jpg?resize=350%2C200&ssl=1","width":350,"height":200},"classes":[]},{"id":367,"url":"https:\/\/asurb.com\/asurb3\/?page_id=367","url_meta":{"origin":1007,"position":4},"title":"Les souliers de l&rsquo;A\u00efd","author":"webmaster","date":"5 juin 2016","format":false,"excerpt":"Tunisie, 2012, 30 min, fiction, couleur, VO arabe STF, DVD R\u00e9alisation : Anis Lassoued ; Sc\u00e9nario : Anis Lassoued et Ahmed Boamoud ; Image : Sofiane El Fani ; Son : Moez Ben Chikh ; Montage : Kahena Attia ; D\u00e9cors : Raouf Heloui ; Costumes : Nabila Cherif et\u2026","rel":"","context":"Article similaire","block_context":{"text":"Article similaire","link":""},"img":{"alt_text":"Souliers-El-Aid_fiche","src":"https:\/\/i0.wp.com\/asurb.com\/asurb3\/wp-content\/uploads\/2016\/06\/Souliers-El-Aid_fiche.jpg?resize=350%2C200&ssl=1","width":350,"height":200},"classes":[]},{"id":3842,"url":"https:\/\/asurb.com\/asurb3\/?page_id=3842","url_meta":{"origin":1007,"position":5},"title":"\u00c7a roule (Rihla)","author":"webmaster","date":"15 octobre 2023","format":false,"excerpt":"De Jamil Najjar \u2013 Tunisie \u2013 2022 \u2013 25\u2032 \u2013 fictionPropaganda Productions\u00a0 : Nejib BELKADHI & Imed MARZOUK, producteurs 41, avenue habib bourguiba 2078 La Marsa TUNIS Tunisie - T\u00e9l\u00e9phone : +216 71 744 815 - http:\/\/www.propaganda-production.com Synopsis\u00a0 Habib embarque sa famille dans un voyage \u00e0 travers la Tunisie, \u00e0\u2026","rel":"","context":"Article similaire","block_context":{"text":"Article similaire","link":""},"img":{"alt_text":"","src":"","width":0,"height":0},"classes":[]}],"_links":{"self":[{"href":"https:\/\/asurb.com\/asurb3\/index.php?rest_route=\/wp\/v2\/pages\/1007","targetHints":{"allow":["GET"]}}],"collection":[{"href":"https:\/\/asurb.com\/asurb3\/index.php?rest_route=\/wp\/v2\/pages"}],"about":[{"href":"https:\/\/asurb.com\/asurb3\/index.php?rest_route=\/wp\/v2\/types\/page"}],"author":[{"embeddable":true,"href":"https:\/\/asurb.com\/asurb3\/index.php?rest_route=\/wp\/v2\/users\/1"}],"replies":[{"embeddable":true,"href":"https:\/\/asurb.com\/asurb3\/index.php?rest_route=%2Fwp%2Fv2%2Fcomments&post=1007"}],"version-history":[{"count":4,"href":"https:\/\/asurb.com\/asurb3\/index.php?rest_route=\/wp\/v2\/pages\/1007\/revisions"}],"predecessor-version":[{"id":1090,"href":"https:\/\/asurb.com\/asurb3\/index.php?rest_route=\/wp\/v2\/pages\/1007\/revisions\/1090"}],"up":[{"embeddable":true,"href":"https:\/\/asurb.com\/asurb3\/index.php?rest_route=\/wp\/v2\/pages\/26"}],"wp:attachment":[{"href":"https:\/\/asurb.com\/asurb3\/index.php?rest_route=%2Fwp%2Fv2%2Fmedia&parent=1007"}],"curies":[{"name":"wp","href":"https:\/\/api.w.org\/{rel}","templated":true}]}}