{"id":113,"date":"2016-06-03T10:21:56","date_gmt":"2016-06-03T09:21:56","guid":{"rendered":"http:\/\/www.test.asurb.com\/?page_id=113"},"modified":"2016-07-03T22:23:19","modified_gmt":"2016-07-03T20:23:19","slug":"festival-2010","status":"publish","type":"page","link":"https:\/\/asurb.com\/asurb3\/?page_id=113","title":{"rendered":"Festival 2010"},"content":{"rendered":"<p>Du 13 au 27 novembre 2010, l&rsquo;association Afrique sur Bi\u00e8vre organise la 4\u00e8me \u00e9dition du CINE REGARDS AFRICAINS \u2013 Films en Festival<\/p>\n<p><b>Dans quatre salles<\/b><br \/>\nCin\u00e9ma la Pl\u00e9iade &#8211; 94230 CACHAN<br \/>\nMaison Pour Tous G\u00e9rard Philippe &#8211; 94800 VILLEJUIF<br \/>\nMJC de Fresnes &#8211; 94260 FRESNES<br \/>\nEspace municipal Jean Vilar &#8211; 94110 ARCUEIL<br \/>\n<br clear=\"left\" \/><b>Des s\u00e9ances ouvertes \u00e0 tous<\/b><br \/>\n<b>Des s\u00e9ances sp\u00e9ciales r\u00e9serv\u00e9es aux \u00e9coles et coll\u00e8ges<br \/>\nde l\u2019agglom\u00e9ration du Val de Bi\u00e8vre.<br \/>\n<\/b>Arcueil, Cachan, Fresnes, Gentilly, Kremlin Bic\u00eatre et Villejuif,\u2026<\/p>\n<p><b>Des longs-m\u00e9trages :<\/b><br \/>\n\u2022 <b>Hy\u00e8nes<\/b> de Djibril Diop Manb\u00e9ty (S\u00e9n\u00e9gal)<br \/>\n\u2022 <b>Mascarades<\/b> de Lyes Salem (Alg\u00e9rie)<br \/>\n\u2022 <b>Un transport en commun<\/b> de Dyana Gaye (S\u00e9n\u00e9gal)<br \/>\n\u2022 O\u00f9 vas-tu Mosh\u00e9 ? de Hassan Ben Jelloun (Maroc)<br \/>\n\u2022 <b>Nothing but the truth<\/b> de John Kani (Afrique du sud)<br \/>\net bien d\u2019autres encore\u2026<\/p>\n<p><b>Des courts-m\u00e9trages venus de C\u00f4te d\u2019Ivoire, S\u00e9n\u00e9gal, Alg\u00e9rie\u2026<\/b><\/p>\n<p><b>A consulter <\/b>:<\/p>\n<p><b>\u2022 <a href=\"https:\/\/asurb.com\/asurb3\/?page_id=535\">Pogramme du Festival 2010<\/a><br \/>\n\u2022 <a href=\"http:\/\/v.calameo.com\/2.0\/cviewer.swf?bkcode=0004728417c19e6c4957b&amp;langid=fr\">Journal de bord du Festival 2010<\/a><br \/>\n\u2022 <a href=\"https:\/\/asurb.com\/asurb3\/?page_id=608\">Diaporama &#8211; Extrait du Festival 2010<\/a><\/b><\/p>\n","protected":false},"excerpt":{"rendered":"<p>Du 13 au 27 novembre 2010, l&rsquo;association Afrique sur Bi\u00e8vre organise la 4\u00e8me \u00e9dition du CINE REGARDS AFRICAINS \u2013 Films en Festival Dans quatre salles Cin\u00e9ma la Pl\u00e9iade &#8211; 94230 [&hellip;]<\/p>\n","protected":false},"author":1,"featured_media":0,"parent":23,"menu_order":0,"comment_status":"closed","ping_status":"closed","template":"","meta":{"footnotes":""},"class_list":["post-113","page","type-page","status-publish","hentry"],"jetpack_sharing_enabled":true,"jetpack_shortlink":"https:\/\/wp.me\/P7C6tF-1P","jetpack-related-posts":[{"id":110,"url":"https:\/\/asurb.com\/asurb3\/?page_id=110","url_meta":{"origin":113,"position":0},"title":"Festival 2009","author":"webmaster","date":"3 juin 2016","format":false,"excerpt":"Du 15 au 28 novembre 2009, l'association Afrique sur Bi\u00e8vre a organis\u00e9 la 3\u00e8me \u00e9dition du CINE REGARDS AFRICAINS \u2013 Films en Festival Dans quatre salles Cin\u00e9ma la Pl\u00e9iade - 94230 CACHAN Espace municipal Jean Vilar - 94110 ARCUEIL MJC de Fresnes - 94260 FRESNES Cin\u00e9ma la Tournelle - 94240\u2026","rel":"","context":"Article similaire","block_context":{"text":"Article similaire","link":""},"img":{"alt_text":"","src":"","width":0,"height":0},"classes":[]},{"id":115,"url":"https:\/\/asurb.com\/asurb3\/?page_id=115","url_meta":{"origin":113,"position":1},"title":"Festival 2011","author":"webmaster","date":"3 juin 2016","format":false,"excerpt":"Du 12 au 26 novembre 2011, l'association Afrique sur Bi\u00e8vre organise la 5\u00e8me \u00e9dition du CINE REGARDS AFRICAINS \u2013 Films en Festival Dans six salles \u2022 Cin\u00e9ma la Pl\u00e9iade - 94230 Cachan \u2022 Espace Culturel Andr\u00e9 Malraux - 94270 Le Kremlin-Bic\u00eatre \u2022 Cin\u00e9ma la Tournelle - 94240 L'Hay Les Roses\u2026","rel":"","context":"Article similaire","block_context":{"text":"Article similaire","link":""},"img":{"alt_text":"","src":"","width":0,"height":0},"classes":[]},{"id":535,"url":"https:\/\/asurb.com\/asurb3\/?page_id=535","url_meta":{"origin":113,"position":2},"title":"Programme 2010","author":"webmaster","date":"6 juin 2016","format":false,"excerpt":"Sommaire \u2022 S\u00e9ances ouvertes au public \u2022 S\u00e9ances scolaires \u2022 Partenaires \u2022 Membres du comit\u00e9 de parrainage \u2022 Remerciements \u2022 Pour se rendre sur les lieux \u2022 Les s\u00e9ances ouvertes au public Samedi 13 novembre Cin\u00e9ma La Pl\u00e9iade - 94230 Cachan 18h00 - L\u2019ABSENCE Long-m\u00e9trage de Mama KE\u00cfTA - 81\u2026","rel":"","context":"Article similaire","block_context":{"text":"Article similaire","link":""},"img":{"alt_text":"","src":"https:\/\/i0.wp.com\/asurb.com\/AsurB\/D_Images\/D_Gif_bl\/Blanc120.gif?resize=350%2C200&ssl=1","width":350,"height":200},"classes":[]},{"id":125,"url":"https:\/\/asurb.com\/asurb3\/?page_id=125","url_meta":{"origin":113,"position":3},"title":"Festival 2015","author":"webmaster","date":"3 juin 2016","format":false,"excerpt":"Du 20 au 29 novembre 2015, l'association Afrique sur Bi\u00e8vre organise la 9\u00e8me \u00e9dition du CINE REGARDS AFRICAINS \u2013 Films en Festival En Val de Bi\u00e8vre, dans les villes de l'Ha\u00ff-les-Roses, Cachan, Fresnes, Gentilly, Arcueil et Villejuif Des courts-m\u00e9trages et des longs-m\u00e9trages de r\u00e9alisateurs africains, suivis de d\u00e9bats avec le\u2026","rel":"","context":"Article similaire","block_context":{"text":"Article similaire","link":""},"img":{"alt_text":"","src":"https:\/\/i0.wp.com\/asurb.com\/AsurB\/D_Medias\/asurb-affiche2015-TNv1a.jpg?resize=350%2C200&ssl=1","width":350,"height":200},"classes":[]},{"id":927,"url":"https:\/\/asurb.com\/asurb3\/?page_id=927","url_meta":{"origin":113,"position":4},"title":"Festival 2016","author":"webmaster","date":"5 octobre 2016","format":false,"excerpt":"Du 18 au 27 novembre 2016, l'association Afrique sur Bi\u00e8vre organise la 10\u00e8me \u00e9dition du CINE REGARDS AFRICAINS \u2013 Films en Festival En Val de Bi\u00e8vre, dans les villes de l'Ha\u00ff-les-Roses, Cachan, Fresnes, Gentilly, Arcueil et Villejuif Des courts-m\u00e9trages et des longs-m\u00e9trages de r\u00e9alisateurs africains, suivis de d\u00e9bats avec le\u2026","rel":"","context":"Article similaire","block_context":{"text":"Article similaire","link":""},"img":{"alt_text":"","src":"","width":0,"height":0},"classes":[]},{"id":123,"url":"https:\/\/asurb.com\/asurb3\/?page_id=123","url_meta":{"origin":113,"position":5},"title":"Festival 2014","author":"webmaster","date":"3 juin 2016","format":false,"excerpt":"Du 21 au 29 novembre 2014, l'association Afrique sur Bi\u00e8vre organise la 8\u00e8me \u00e9dition du CINE REGARDS AFRICAINS \u2013 Films en Festival En Val de Bi\u00e8vre, dans les villes de l'Ha\u00ff-les-Roses, Cachan, Fresnes, Gentilly, Arcueil et Villejuif Des courts-m\u00e9trages et des longs-m\u00e9trages de r\u00e9alisateurs africains, suivis de d\u00e9bats avec le\u2026","rel":"","context":"Article similaire","block_context":{"text":"Article similaire","link":""},"img":{"alt_text":"","src":"","width":0,"height":0},"classes":[]}],"_links":{"self":[{"href":"https:\/\/asurb.com\/asurb3\/index.php?rest_route=\/wp\/v2\/pages\/113","targetHints":{"allow":["GET"]}}],"collection":[{"href":"https:\/\/asurb.com\/asurb3\/index.php?rest_route=\/wp\/v2\/pages"}],"about":[{"href":"https:\/\/asurb.com\/asurb3\/index.php?rest_route=\/wp\/v2\/types\/page"}],"author":[{"embeddable":true,"href":"https:\/\/asurb.com\/asurb3\/index.php?rest_route=\/wp\/v2\/users\/1"}],"replies":[{"embeddable":true,"href":"https:\/\/asurb.com\/asurb3\/index.php?rest_route=%2Fwp%2Fv2%2Fcomments&post=113"}],"version-history":[{"count":6,"href":"https:\/\/asurb.com\/asurb3\/index.php?rest_route=\/wp\/v2\/pages\/113\/revisions"}],"predecessor-version":[{"id":867,"href":"https:\/\/asurb.com\/asurb3\/index.php?rest_route=\/wp\/v2\/pages\/113\/revisions\/867"}],"up":[{"embeddable":true,"href":"https:\/\/asurb.com\/asurb3\/index.php?rest_route=\/wp\/v2\/pages\/23"}],"wp:attachment":[{"href":"https:\/\/asurb.com\/asurb3\/index.php?rest_route=%2Fwp%2Fv2%2Fmedia&parent=113"}],"curies":[{"name":"wp","href":"https:\/\/api.w.org\/{rel}","templated":true}]}}