{"id":164,"date":"2016-06-03T19:34:10","date_gmt":"2016-06-03T18:34:10","guid":{"rendered":"http:\/\/www.test.asurb.com\/?page_id=164"},"modified":"2016-07-03T23:06:15","modified_gmt":"2016-07-03T21:06:15","slug":"bamako","status":"publish","type":"page","link":"https:\/\/asurb.com\/asurb3\/?page_id=164","title":{"rendered":"Bamako"},"content":{"rendered":"<p style=\"text-align: justify;\"><a href=\"https:\/\/i0.wp.com\/asurb.com\/asurb3\/wp-content\/uploads\/2016\/06\/Bamako_2_Fiche.jpg?ssl=1\"><img data-recalc-dims=\"1\" loading=\"lazy\" decoding=\"async\" data-attachment-id=\"165\" data-permalink=\"https:\/\/asurb.com\/asurb3\/?attachment_id=165\" data-orig-file=\"https:\/\/i0.wp.com\/asurb.com\/asurb3\/wp-content\/uploads\/2016\/06\/Bamako_2_Fiche.jpg?fit=197%2C138&amp;ssl=1\" data-orig-size=\"197,138\" data-comments-opened=\"1\" data-image-meta=\"{&quot;aperture&quot;:&quot;0&quot;,&quot;credit&quot;:&quot;&quot;,&quot;camera&quot;:&quot;&quot;,&quot;caption&quot;:&quot;&quot;,&quot;created_timestamp&quot;:&quot;0&quot;,&quot;copyright&quot;:&quot;&quot;,&quot;focal_length&quot;:&quot;0&quot;,&quot;iso&quot;:&quot;0&quot;,&quot;shutter_speed&quot;:&quot;0&quot;,&quot;title&quot;:&quot;&quot;,&quot;orientation&quot;:&quot;1&quot;}\" data-image-title=\"Bamako_2_Fiche\" data-image-description=\"\" data-image-caption=\"\" data-large-file=\"https:\/\/i0.wp.com\/asurb.com\/asurb3\/wp-content\/uploads\/2016\/06\/Bamako_2_Fiche.jpg?fit=197%2C138&amp;ssl=1\" class=\"alignnone wp-image-165 size-full\" src=\"https:\/\/i0.wp.com\/asurb.com\/asurb3\/wp-content\/uploads\/2016\/06\/Bamako_2_Fiche.jpg?resize=197%2C138&#038;ssl=1\" alt=\"Bamako_2_Fiche\" width=\"197\" height=\"138\" \/><\/a><\/p>\n<p style=\"text-align: justify;\"><strong>Mauritanie &#8211; 2006 &#8211; fiction politique &#8211; 115 min &#8211; couleur &#8211; VO STFR<\/strong><\/p>\n<p style=\"text-align: justify;\">Pr\u00e9sent\u00e9 hors comp\u00e9tition au Festival de Cannes 2006 ; Grand prix du Public aux Rencontres du Festival de Paris Cin\u00e9ma 2006 ; Prix de l&rsquo;Action Mondiale contre la pauvret\u00e9 (AMCP) au FESPACO 2007<\/p>\n<p style=\"text-align: justify;\">R\u00e9alisation : Abderrahmane Sissako<br \/>\nSc\u00e9nario : Abderrahmane Sissako<br \/>\nInterpr\u00e9tation : A\u00efssa Ma\u00efga, Ti\u00e8coura Traor\u00e9, H\u00e9l\u00e8ne Diarra, Habib Demb\u00e9l\u00e9, Dj\u00e9n\u00e9ba Kon\u00e9, Hamadoun Kassogu\u00e9 , A\u00efssata Tall Sall , William Bourdon, Roland Rappaport, Mamadou Konat\u00e9, Mamadou Savadogo, Magma Gabriel Konat\u00e9<br \/>\nMontage : Nadia Ben Rachid<br \/>\nImage : Jacques Besse<br \/>\nSon : Dana Farzanehpour<br \/>\nD\u00e9cors : Mahamadou Kouyat\u00e9<br \/>\nProduction : Archipel 33, Chinguitty Films, Mali Images, Arte France en association avec Louverture Films<\/p>\n<h4 style=\"text-align: justify;\"><span style=\"color: #ff0000;\">Synopsis<\/span><\/h4>\n<p style=\"text-align: justify;\">\u00ab\u00a0La ch\u00e8vre a ses id\u00e9es mais la poule aussi\u00a0\u00bb. Le paysan malien qui prononce cette phrase comparait comme t\u00e9moin dans un tribunal install\u00e9 dans la cour d\u2019une maison d&rsquo;un quartier populaire de Bamako, dans le cadre d\u2019un proc\u00e8s qui oppose la soci\u00e9t\u00e9 civile aux institutions internationales de la mondialisation. Durant ces d\u00e9bats anim\u00e9s, retransmis par haut-parleur \u00e0 l&rsquo;ext\u00e9rieur, la vie continue : les femmes teignent des batiks, un couple se marie tandis qu&rsquo;un autre se s\u00e9pare, les enfants vont et viennent.<br \/>\nC&rsquo;est dans la maison de son p\u00e8re, mort il y a peu, qu&rsquo;Abderrahmane Sissako a tenu \u00e0 situer ce tournage car c&rsquo;est dans ce lieu intense de vie qu&rsquo;il a grandi et passionn\u00e9ment discut\u00e9 de l&rsquo;Afrique avec lui.<br \/>\nLe film joue sur la confusion entre fiction et documentaire : la situation est fictive et les sc\u00e8nes sc\u00e9naris\u00e9es mais la plupart des acteurs du proc\u00e8s sont des non-professionnels venus jouer leur propre r\u00f4le (avocat, expert) sous leur v\u00e9ritable nom. Les divers participants au proc\u00e8s ont donc \u00e9labor\u00e9 leurs propres arguments et plaidoiries, donnant une vision int\u00e9ressante de la mondialisation et de ses cons\u00e9quences en Afrique.<\/p>\n<h4 style=\"text-align: justify;\"><span style=\"color: #ff0000;\">Le r\u00e9alisateur<\/span><\/h4>\n<p style=\"text-align: justify;\">Abderrahmane Sissako, n\u00e9 en 1961 \u00e0 Kiffa, en Mauritanie, a pass\u00e9 son enfance au Mali. A partir de 1983, il suit \u00e0 Moscou les cours du VGIK, l&rsquo;Institut f\u00e9d\u00e9ral d&rsquo;Etat du cin\u00e9ma, o\u00f9 il r\u00e9alise ses deux premiers courts-m\u00e9trages : \u00ab Le jeu \u00bb et \u00ab Octobre \u00bb, lequel sera pr\u00e9sent\u00e9 en 1993 dans la section \u00ab\u00a0Un certain regard\u00a0\u00bb du Festival de Cannes. A partir d&rsquo;une commande pour des fables de La Fontaine, il r\u00e9alise \u00ab Le chameau et les b\u00e2tons flottants \u00bb en 1995 et encha\u00eene avec un court m\u00e9trage de la s\u00e9rie \u00ab Africa Dreamings \u00bb : \u00ab Sabriya &#8211; le carr\u00e9 de l&rsquo;\u00e9chiquier \u00bb. En 1998, dans le cadre de la collection \u00ab\u00a02000 vu par?\u00a0\u00bb, il tourne \u00ab La Vie sur Terre \u00bb o\u00f9 il interpr\u00e8te lui-m\u00eame un cin\u00e9aste vivant en France qui, \u00e0 la veille de l&rsquo;an 2000, part pour Sokolo, le village malien o\u00f9 vit son p\u00e8re. En 2002, A. Sissako r\u00e9alise en Mauritanie \u00ab Heremakono &#8211; En attendant le bonheur \u00bb qui aborde l&rsquo;exil et les rapports entre l&rsquo;Afrique et l&rsquo;Occident et r\u00e9colte de nombreux prix.<\/p>\n","protected":false},"excerpt":{"rendered":"<p>Mauritanie &#8211; 2006 &#8211; fiction politique &#8211; 115 min &#8211; couleur &#8211; VO STFR Pr\u00e9sent\u00e9 hors comp\u00e9tition au Festival de Cannes 2006 ; Grand prix du Public aux Rencontres du [&hellip;]<\/p>\n","protected":false},"author":1,"featured_media":0,"parent":26,"menu_order":0,"comment_status":"closed","ping_status":"closed","template":"","meta":{"footnotes":""},"class_list":["post-164","page","type-page","status-publish","hentry"],"jetpack_sharing_enabled":true,"jetpack_shortlink":"https:\/\/wp.me\/P7C6tF-2E","jetpack-related-posts":[{"id":684,"url":"https:\/\/asurb.com\/asurb3\/?page_id=684","url_meta":{"origin":164,"position":0},"title":"Heremakono (En attendant le bonheur)","author":"webmaster","date":"15 juin 2016","format":false,"excerpt":"De Abderrahmane SISSAKO - 95 minutes - Mauritanie - 2002\u00a0 fiction - couleur Sc\u00e9nario : Abderrahmane Sissako ; Image : Jacques Besse ;\u00a0 Montage : Nadia Ben Rachid ; Musique : Anouar Brahem, Oumou Sangar\u00e9 ; Son : Antoine Ouvrier, Alioune Mbow ;\u00a0 D\u00e9cors : Joseph Kpobly, Laurent Cavero ;\u2026","rel":"","context":"Article similaire","block_context":{"text":"Article similaire","link":""},"img":{"alt_text":"","src":"","width":0,"height":0},"classes":[]},{"id":778,"url":"https:\/\/asurb.com\/asurb3\/?page_id=778","url_meta":{"origin":164,"position":1},"title":"Timbuktu","author":"webmaster","date":"19 juin 2016","format":false,"excerpt":"De\u00a0 Abderrahmane SISSAKO - 94 min - Mali -\u00a0 2014 fiction - couleur\u00a0 -\u00a0 VOSTF - DCP Sc\u00e9nario : Abderrahmane Sissako, Kessen Tall ;\u00a0 Image : Sofian El Fani ; Montage : Nadia Ben Rachid ; Musique : Amine Bouhafa ; Son : Philippe Welsh, Roman Dymny, Thierry Delor ;\u2026","rel":"","context":"Article similaire","block_context":{"text":"Article similaire","link":""},"img":{"alt_text":"","src":"","width":0,"height":0},"classes":[]},{"id":997,"url":"https:\/\/asurb.com\/asurb3\/?page_id=997","url_meta":{"origin":164,"position":2},"title":"L&rsquo;absence","author":"webmaster","date":"12 octobre 2016","format":false,"excerpt":"De Nad\u00e8ge Delwend\u00e9 NARE\u00a0\u2013 Burkina Faso \u2013 2015 \u00a0 De Nad\u00e8ge Delwend\u00e9 NARE \u2013 Burkina Faso \u2013 2015 \u2013 13 min \u2013 fiction \u2013 couleur \u2013 VO fran\u00e7ais. Production\u00a0: Africalia\/Isis \u2013 SE \u2013 01 BP 647- Ouagadougou 01 \u2013 Burkina Faso \u2013t\u00e9l\u00a0:00226\/25344086 \u2013 courriel\u00a0: isisse.international\u00e0gmail.com. Prix du Tremplin Jeunes R\u00e9alisateurs\u2026","rel":"","context":"Article similaire","block_context":{"text":"Article similaire","link":""},"img":{"alt_text":"","src":"","width":0,"height":0},"classes":[]},{"id":198,"url":"https:\/\/asurb.com\/asurb3\/?page_id=198","url_meta":{"origin":164,"position":3},"title":"Daratt ( saison s\u00e8che )","author":"webmaster","date":"4 juin 2016","format":false,"excerpt":"De Mahamat-Saleh HAROUN - 95 min -Tchad - 2006 - VF et arabe tchadien STF Fiction - couleur - 35mm - version fran\u00e7aise et arabe tchadien sous titr\u00e9e en fran\u00e7ais Sc\u00e9nario : Mahamat-Saleh Haroun ; Images : Abraham Hail\u00e9 Biru ; Montage : Marie-H\u00e9l\u00e8ne Dozo; Musique : Wasis Diop; Son:\u2026","rel":"","context":"Article similaire","block_context":{"text":"Article similaire","link":""},"img":{"alt_text":"Daratt_Fiche","src":"https:\/\/i0.wp.com\/asurb.com\/asurb3\/wp-content\/uploads\/2016\/06\/Daratt_Fiche.jpg?resize=350%2C200&ssl=1","width":350,"height":200},"classes":[]},{"id":288,"url":"https:\/\/asurb.com\/asurb3\/?page_id=288","url_meta":{"origin":164,"position":4},"title":"La nuit de la v\u00e9rit\u00e9","author":"webmaster","date":"4 juin 2016","format":false,"excerpt":"De Fanta R\u00e9gina NACRO - 100 min - Burkina Faso - 2004 Fiction - couleur - 35mm - version originale en fran\u00e7ais, moor\u00e9 et dioula sous-titr\u00e9e en fan\u00e7ais Sc\u00e9nario : Marc Gautron, Fanta R\u00e9gina Nacro ; Images : Nara K\u00e9o Kosal ; Montage : Andr\u00e9e Davanture ; Musique : Troupe\u2026","rel":"","context":"Article similaire","block_context":{"text":"Article similaire","link":""},"img":{"alt_text":"Fanta_Regina_Nacro_Fiche","src":"https:\/\/i0.wp.com\/asurb.com\/asurb3\/wp-content\/uploads\/2016\/06\/Fanta_Regina_Nacro_Fiche.jpg?resize=350%2C200&ssl=1","width":350,"height":200},"classes":[]},{"id":2978,"url":"https:\/\/asurb.com\/asurb3\/?page_id=2978","url_meta":{"origin":164,"position":5},"title":"Le p\u00e8re de Nafi (Titre original : Baamum Nafi)","author":"webmaster","date":"30 ao\u00fbt 2021","format":false,"excerpt":"De Mamadou DIA \u2013 S\u00e9n\u00e9gal \u2013 2019 \u2013 109 min \u2013 Fiction \u2013 Couleur - VO peul STF \u2013 DCP Scenario\u00a0: Mamadou Dia - Image\u00a0: Sheldon Chau \u2013 Son\u00a0: Ousmane Coly - Musique\u00a0: Baba Maal, Gavin Brivik \u2013 Montage\u00a0: Alan Wu \u2013 Interpr\u00e9tation\u00a0: Saikou Lo, Alassane Sy, Penda Daly Sy,\u2026","rel":"","context":"Article similaire","block_context":{"text":"Article similaire","link":""},"img":{"alt_text":"","src":"","width":0,"height":0},"classes":[]}],"_links":{"self":[{"href":"https:\/\/asurb.com\/asurb3\/index.php?rest_route=\/wp\/v2\/pages\/164","targetHints":{"allow":["GET"]}}],"collection":[{"href":"https:\/\/asurb.com\/asurb3\/index.php?rest_route=\/wp\/v2\/pages"}],"about":[{"href":"https:\/\/asurb.com\/asurb3\/index.php?rest_route=\/wp\/v2\/types\/page"}],"author":[{"embeddable":true,"href":"https:\/\/asurb.com\/asurb3\/index.php?rest_route=\/wp\/v2\/users\/1"}],"replies":[{"embeddable":true,"href":"https:\/\/asurb.com\/asurb3\/index.php?rest_route=%2Fwp%2Fv2%2Fcomments&post=164"}],"version-history":[{"count":3,"href":"https:\/\/asurb.com\/asurb3\/index.php?rest_route=\/wp\/v2\/pages\/164\/revisions"}],"predecessor-version":[{"id":876,"href":"https:\/\/asurb.com\/asurb3\/index.php?rest_route=\/wp\/v2\/pages\/164\/revisions\/876"}],"up":[{"embeddable":true,"href":"https:\/\/asurb.com\/asurb3\/index.php?rest_route=\/wp\/v2\/pages\/26"}],"wp:attachment":[{"href":"https:\/\/asurb.com\/asurb3\/index.php?rest_route=%2Fwp%2Fv2%2Fmedia&parent=164"}],"curies":[{"name":"wp","href":"https:\/\/api.w.org\/{rel}","templated":true}]}}