{"id":1928,"date":"2017-11-29T00:36:11","date_gmt":"2017-11-28T23:36:11","guid":{"rendered":"https:\/\/asurb.com\/asurb3\/?page_id=1928"},"modified":"2017-11-29T00:36:11","modified_gmt":"2017-11-28T23:36:11","slug":"lettre-a-paxy","status":"publish","type":"page","link":"https:\/\/asurb.com\/asurb3\/?page_id=1928","title":{"rendered":"Lettre \u00e0 Paxy"},"content":{"rendered":"<p style=\"text-align: justify;\"><strong>De Tshoper KABAMBI<\/strong><br \/>\nRDC \u2013 2017 \u2013 13 min \u2013 documentaire \u2013 VO fran\u00e7ais\u00a0\u00a0\u00a0\u00a0\u00a0\u00a0\u00a0\u00a0\u00a0\u00a0\u00a0\u00a0\u00a0\u00a0\u00a0\u00a0\u00a0\u00a0\u00a0\u00a0\u00a0\u00a0\u00a0\u00a0\u00a0\u00a0\u00a0\u00a0\u00a0\u00a0\u00a0\u00a0\u00a0\u00a0\u00a0\u00a0\u00a0\u00a0\u00a0\u00a0\u00a0\u00a0\u00a0\u00a0\u00a0\u00a0\u00a0\u00a0\u00a0\u00a0\u00a0\u00a0\u00a0\u00a0\u00a0\u00a0\u00a0\u00a0\u00a0\u00a0\u00a0\u00a0\u00a0\u00a0\u00a0\u00a0\u00a0\u00a0\u00a0\u00a0\u00a0\u00a0\u00a0\u00a0\u00a0\u00a0\u00a0\u00a0\u00a0\u00a0\u00a0\u00a0\u00a0\u00a0\u00a0\u00a0\u00a0\u00a0\u00a0\u00a0\u00a0\u00a0\u00a0\u00a0\u00a0\u00a0\u00a0\u00a0\u00a0\u00a0\u00a0\u00a0\u00a0\u00a0\u00a0\u00a0\u00a0\u00a0\u00a0\u00a0\u00a0\u00a0\u00a0\u00a0 R\u00e9alisation et Production : Tshoper KABAMBI -Image : Jean Ahonto, Tshoper KABAMBI &#8211; Son : Tshoper kabambi -Montage : Tshoper KABAMBI -Musique : bande son libre \u2013 Bimpa production.<\/p>\n<h4 style=\"text-align: justify;\"><span style=\"color: #ff0000;\">Synopsis<\/span><\/h4>\n<p style=\"text-align: justify;\">A toi ma petite fille bien aim\u00e9e l\u2019histoire de notre beau et grand pays.<\/p>\n<p style=\"text-align: justify;\">\n<h4 style=\"text-align: justify;\"><span style=\"color: #ff0000;\">Le r\u00e9alisateur<\/span><\/h4>\n<p style=\"text-align: justify;\">R\u00e9alisateur et Producteur Congolais (RDC), Tshoper KABAMBI est n\u00e9e le 09 juillet 1985 \u00e0 Kinshasa. Dipl\u00f4m\u00e9 en Art Dramatique et en r\u00e9alisation cin\u00e9matographique \u00e0 l&rsquo;Institut national des Arts de Kinshasa, Tshoper est \u00e9galement directeur de sa propre structure \u00ab\u00a0BIMPA PRODUCTION\u00a0\u00bb qui travaille sur l&rsquo;\u00e9mergence, la visibilit\u00e9 et la promotion de l&rsquo;audiovisuel en RD Congo. Passionn\u00e9 de cin\u00e9ma depuis son enfance, Tshoper a suivi plusieurs formations dans le domaine de la r\u00e9alisation, de la prise de vue et du montage comme \u00e0 l&rsquo;universit\u00e9 d&rsquo;\u00e9t\u00e9 de la F\u00e9mis en 2012, le master de l&rsquo;\u00e9cole de Djo TUNDA wa MUNGA, les Atelier Africadoc et autres. En 2004, il commence sa carri\u00e8re en s\u00e9ries t\u00e9l\u00e9vis\u00e9es et r\u00e9alise son premier court m\u00e9trage \u00ab\u00a0MOINS UN\u00a0\u00bb en 2008 puis suivent \u00ab\u00a0Deux coup de poing\u00a0\u00bb, \u00ab\u00a0M\u00e9phistoph\u00e9lique\u00a0\u00bb, \u00ab\u00a0Free style\u00a0\u00bb,un documentaire tourn\u00e9 avec la Femis, et un dernier court m\u00e9trage r\u00e9alis\u00e9 en 2013 \u00ab\u00a0MBOTE!\u00a0\u00bb<br \/>\nTshoper Kabambi est \u00e0 l\u2019initiative du Festival international de cin\u00e9ma de Kinshasa et du festival \u00ab Vision documentaire \u00bb qui a r\u00e9uni du 22 au 25 octobre 2014, \u00e0 Kinshasa en Rdc, les cin\u00e9astes venus du Congo, du Tchad, du Gabon, du Cameroun et du B\u00e9nin .<\/p>\n","protected":false},"excerpt":{"rendered":"<p>De Tshoper KABAMBI RDC \u2013 2017 \u2013 13 min \u2013 documentaire \u2013 VO fran\u00e7ais\u00a0\u00a0\u00a0\u00a0\u00a0\u00a0\u00a0\u00a0\u00a0\u00a0\u00a0\u00a0\u00a0\u00a0\u00a0\u00a0\u00a0\u00a0\u00a0\u00a0\u00a0\u00a0\u00a0\u00a0\u00a0\u00a0\u00a0\u00a0\u00a0\u00a0\u00a0\u00a0\u00a0\u00a0\u00a0\u00a0\u00a0\u00a0\u00a0\u00a0\u00a0\u00a0\u00a0\u00a0\u00a0\u00a0\u00a0\u00a0\u00a0\u00a0\u00a0\u00a0\u00a0\u00a0\u00a0\u00a0\u00a0\u00a0\u00a0\u00a0\u00a0\u00a0\u00a0\u00a0\u00a0\u00a0\u00a0\u00a0\u00a0\u00a0\u00a0\u00a0\u00a0\u00a0\u00a0\u00a0\u00a0\u00a0\u00a0\u00a0\u00a0\u00a0\u00a0\u00a0\u00a0\u00a0\u00a0\u00a0\u00a0\u00a0\u00a0\u00a0\u00a0\u00a0\u00a0\u00a0\u00a0\u00a0\u00a0\u00a0\u00a0\u00a0\u00a0\u00a0\u00a0\u00a0\u00a0\u00a0\u00a0\u00a0\u00a0\u00a0\u00a0\u00a0 R\u00e9alisation et Production : Tshoper KABAMBI -Image : Jean Ahonto, Tshoper KABAMBI &#8211; Son : Tshoper [&hellip;]<\/p>\n","protected":false},"author":1,"featured_media":0,"parent":26,"menu_order":0,"comment_status":"closed","ping_status":"closed","template":"","meta":{"footnotes":""},"class_list":["post-1928","page","type-page","status-publish","hentry"],"jetpack_sharing_enabled":true,"jetpack_shortlink":"https:\/\/wp.me\/P7C6tF-v6","jetpack-related-posts":[{"id":1924,"url":"https:\/\/asurb.com\/asurb3\/?page_id=1924","url_meta":{"origin":1928,"position":0},"title":"SOS","author":"webmaster","date":"29 novembre 2017","format":false,"excerpt":"De Tshoper KABAMBI \u00a0RDC \u2013 2016 \u2013 20 min \u2013 fiction \u2013 VO Lingala\/fran\u00e7ais STF \u2013HD\u00a0\u00a0 Image : Emmanuel Lupia, Tshoper KABAMBI - Son : Cedrick Mbongo - Montage : Tshoper KABAMBI - Musique originale : Taty bin, JACOB MUANZA - D\u00e9cor : Dolet Malalu - Production\u00a0: Bimpa production \u2013\u2026","rel":"","context":"Article similaire","block_context":{"text":"Article similaire","link":""},"img":{"alt_text":"","src":"","width":0,"height":0},"classes":[]},{"id":1936,"url":"https:\/\/asurb.com\/asurb3\/?page_id=1936","url_meta":{"origin":1928,"position":1},"title":"Free style","author":"webmaster","date":"29 novembre 2017","format":false,"excerpt":"De Tshoper Kabambi RDC\/Paris \u2013 2012 \u2013 12 min \u2013 documentaire \u2013 VO fran\u00e7ais-\u00a0 video HD\u00a0\u00a0\u00a0\u00a0\u00a0\u00a0\u00a0\u00a0\u00a0\u00a0\u00a0 - IMAGE :Yael Elbas, Tshoper Kabambi \u2013 SON\u00a0: Ferhat Mohali \u2013MONTAGE : Mirjam PRODUCTION \/ DIFFUSION\u00a0: La F\u00e9mis. Synopsis Il se rel\u00e8ve toujours avec d\u00e9termination pour aller encore plus loin apr\u00e8s \u00eatre tomb\u00e9. Il\u2026","rel":"","context":"Article similaire","block_context":{"text":"Article similaire","link":""},"img":{"alt_text":"","src":"","width":0,"height":0},"classes":[]},{"id":1933,"url":"https:\/\/asurb.com\/asurb3\/?page_id=1933","url_meta":{"origin":1928,"position":2},"title":"Mbote !","author":"webmaster","date":"29 novembre 2017","format":false,"excerpt":"De Tshoper KABAMBI RDC \u2013 2013 \u201326 min \u2013 fiction \u2013 VO lingala STF\u00a0 -HD\u00a0\u00a0 Image : John KIBALA, Tshoper KABAMBI -Son : Le bleu TONADIO, Akaz MAMBA - Montage : Emmanuel LUPIA, Emmanuel DIABANZA\u00a0 - Musique originale : Taty bin, JACOB MUANZA, Fendji B - D\u00e9cor : Jason SHOMBA,\u2026","rel":"","context":"Article similaire","block_context":{"text":"Article similaire","link":""},"img":{"alt_text":"","src":"","width":0,"height":0},"classes":[]},{"id":2012,"url":"https:\/\/asurb.com\/asurb3\/?page_id=2012","url_meta":{"origin":1928,"position":3},"title":"Journal de bord du festival 2017","author":"webmaster","date":"1 mars 2018","format":false,"excerpt":"En guise de prologue, mardi 21 novembre, Cin\u00e9ma La Pl\u00e9iade Cachan. \u00a0En partenariat avec La Pl\u00e9iade dans le cadre du mardi des r\u00e9alisateurs, et \u00e0 l\u2019occasion du centenaire de sa naissance, Afrique sur Bi\u00e8vre tenait \u00e0 rendre hommage \u00e0 Jean Rouch avec la projection de \u00ab\u00a0Moi, un noir\u00a0\u00bb (1958). Cette\u2026","rel":"","context":"Article similaire","block_context":{"text":"Article similaire","link":""},"img":{"alt_text":"","src":"https:\/\/i0.wp.com\/asurb.com\/asurb3\/wp-content\/uploads\/2017\/11\/Wallay_les-ados_2017-11-24_220731-300x169.jpg?resize=350%2C200","width":350,"height":200},"classes":[]},{"id":1751,"url":"https:\/\/asurb.com\/asurb3\/?page_id=1751","url_meta":{"origin":1928,"position":4},"title":"Programme 2017","author":"webmaster","date":"9 octobre 2017","format":false,"excerpt":"Sommaire \u2022 S\u00e9ances ouvertes au public \u2022 S\u00e9ances scolaires \u2022 Partenaires \u2022 Membres du comit\u00e9 de parrainage \u2022 Remerciements \u2022 Pour se rendre sur les lieux MPT\u00a0G\u00e9rard Philipe \u2013\u00a0Villejuif \u00a0vendredi 24 novembre 20h30 : WALLAY de Berni Goldblat\u00a0\u2013\u00a0France\/Burkina Faso\/Qatar \u2013 2017 \u2013\u00a085 min Ady a 13 ans et n\u2019\u00e9coute plus\u2026","rel":"","context":"Article similaire","block_context":{"text":"Article similaire","link":""},"img":{"alt_text":"","src":"https:\/\/i1.wp.com\/www.asurb.com\/AsurB\/D_Images\/D_Gif_bl\/Blanc120.gif?resize=350%2C200","width":350,"height":200},"classes":[]},{"id":3532,"url":"https:\/\/asurb.com\/asurb3\/?page_id=3532","url_meta":{"origin":1928,"position":5},"title":"Debout Kinshasa","author":"webmaster","date":"3 d\u00e9cembre 2022","format":false,"excerpt":"De S\u00e9bastien Maitre - France\/RDC - 2016 \u2013 20 min - fiction \u2013 couleur \u2013 VO fran\u00e7ais et lingala STF Sc\u00e9nario\u00a0: S\u00e9bastien Maitre \u2013 Image\u00a0: R\u00e9mi Mazet \u2013 Son\u00a0: Charles Pourchayret \u2013 Montage\u00a0: In\u00e8s de la B\u00e9vi\u00e8re \u2013 Musique\u00a0: Kinphonik \u2013 Aur\u00e9lien Marini \u2013 Interpr\u00e9tation\u00a0: Bryan Mbuangi, Merlin Dianda, Starlette\u2026","rel":"","context":"Article similaire","block_context":{"text":"Article similaire","link":""},"img":{"alt_text":"","src":"","width":0,"height":0},"classes":[]}],"_links":{"self":[{"href":"https:\/\/asurb.com\/asurb3\/index.php?rest_route=\/wp\/v2\/pages\/1928","targetHints":{"allow":["GET"]}}],"collection":[{"href":"https:\/\/asurb.com\/asurb3\/index.php?rest_route=\/wp\/v2\/pages"}],"about":[{"href":"https:\/\/asurb.com\/asurb3\/index.php?rest_route=\/wp\/v2\/types\/page"}],"author":[{"embeddable":true,"href":"https:\/\/asurb.com\/asurb3\/index.php?rest_route=\/wp\/v2\/users\/1"}],"replies":[{"embeddable":true,"href":"https:\/\/asurb.com\/asurb3\/index.php?rest_route=%2Fwp%2Fv2%2Fcomments&post=1928"}],"version-history":[{"count":3,"href":"https:\/\/asurb.com\/asurb3\/index.php?rest_route=\/wp\/v2\/pages\/1928\/revisions"}],"predecessor-version":[{"id":1956,"href":"https:\/\/asurb.com\/asurb3\/index.php?rest_route=\/wp\/v2\/pages\/1928\/revisions\/1956"}],"up":[{"embeddable":true,"href":"https:\/\/asurb.com\/asurb3\/index.php?rest_route=\/wp\/v2\/pages\/26"}],"wp:attachment":[{"href":"https:\/\/asurb.com\/asurb3\/index.php?rest_route=%2Fwp%2Fv2%2Fmedia&parent=1928"}],"curies":[{"name":"wp","href":"https:\/\/api.w.org\/{rel}","templated":true}]}}