{"id":279,"date":"2016-06-04T20:27:14","date_gmt":"2016-06-04T19:27:14","guid":{"rendered":"http:\/\/www.test.asurb.com\/?page_id=279"},"modified":"2016-06-04T20:27:14","modified_gmt":"2016-06-04T19:27:14","slug":"la-maison-jaune","status":"publish","type":"page","link":"https:\/\/asurb.com\/asurb3\/?page_id=279","title":{"rendered":"La maison jaune"},"content":{"rendered":"<p style=\"text-align: justify;\"><a href=\"https:\/\/i0.wp.com\/asurb.com\/asurb3\/wp-content\/uploads\/2016\/06\/Maison_jaune_Fiche.jpg?ssl=1\"><img data-recalc-dims=\"1\" loading=\"lazy\" decoding=\"async\" data-attachment-id=\"280\" data-permalink=\"https:\/\/asurb.com\/asurb3\/?attachment_id=280\" data-orig-file=\"https:\/\/i0.wp.com\/asurb.com\/asurb3\/wp-content\/uploads\/2016\/06\/Maison_jaune_Fiche.jpg?fit=250%2C138&amp;ssl=1\" data-orig-size=\"250,138\" data-comments-opened=\"1\" data-image-meta=\"{&quot;aperture&quot;:&quot;0&quot;,&quot;credit&quot;:&quot;&quot;,&quot;camera&quot;:&quot;&quot;,&quot;caption&quot;:&quot;&quot;,&quot;created_timestamp&quot;:&quot;0&quot;,&quot;copyright&quot;:&quot;&quot;,&quot;focal_length&quot;:&quot;0&quot;,&quot;iso&quot;:&quot;0&quot;,&quot;shutter_speed&quot;:&quot;0&quot;,&quot;title&quot;:&quot;&quot;,&quot;orientation&quot;:&quot;0&quot;}\" data-image-title=\"Maison_jaune_Fiche\" data-image-description=\"\" data-image-caption=\"\" data-large-file=\"https:\/\/i0.wp.com\/asurb.com\/asurb3\/wp-content\/uploads\/2016\/06\/Maison_jaune_Fiche.jpg?fit=250%2C138&amp;ssl=1\" class=\"size-full wp-image-280 alignnone\" src=\"https:\/\/i0.wp.com\/asurb.com\/asurb3\/wp-content\/uploads\/2016\/06\/Maison_jaune_Fiche.jpg?resize=250%2C138&#038;ssl=1\" alt=\"Maison_jaune_Fiche\" width=\"250\" height=\"138\" \/><\/a><\/p>\n<p style=\"text-align: justify;\"><strong>De Amor HAKKAR &#8211; 80 min &#8211; Alg\u00e9rie &#8211; 2007<\/strong><\/p>\n<p style=\"text-align: justify;\">Fiction &#8211; couleur &#8211; 35mm &#8211; version originale en chaoui sous-titr\u00e9e en fran\u00e7ais<br \/>\nSc\u00e9nario : Amor Hakkar ; Image : Nicolas Roche ; Montage : Amor Hakkar, Lyonnel Garnier, Jean Dubreuil ; Musique : Fay\u00e7al Salhi, Joseph Macera ; Son : Kamel Mekesseur ; D\u00e9cor : Karim Nezza ; Interpr\u00e9tation : Aya Hamdi, Amor Hakkar, Toun\u00e8s A\u00eft-Ali ; Production : C\u00e9line Brotons. Production\/Distribution : Sarah films (2, Chemin de Palente, 25000 Besan\u00e7on ; 03 81 47 22 72 ; contact@sarah-films.fr)<br \/>\nLe film a obtenu de tr\u00e8s nombreuses r\u00e9compenses, dont le Prix \u0153cum\u00e9nique et le Prix du jury jeune au Festival de Locarno 2007 ; le Prix du meilleur film et de la meilleure musique \u00e0 la Mostra de Valence (Espagne 2007) ; le Prix sp\u00e9cial du jury aux journ\u00e9es cin\u00e9matographiques de Carthage 2008 ; le Prix Signis et le Prix Inalco au FESPACO 2009.<\/p>\n<h4 style=\"text-align: justify;\"><span style=\"color: #ff0000;\">Synopsis<\/span><\/h4>\n<p style=\"text-align: justify;\">Aya, une adolescente de douze ans, b\u00eache un lopin de terre aride dans les Aur\u00e8s, quand une voiture s\u2019approche. Une lettre remise par un gendarme informe la famille que le fr\u00e8re a\u00een\u00e9, qui faisait son service militaire, est mort dans un accident. Silencieusement, le p\u00e8re, modeste paysan, d\u00e9cide, \u00e0 la demande de sa femme, de partir sans attendre chercher le corps de son fils \u00e0 Batna. Au cours de ce lent et long voyage, effectu\u00e9 au guidon d\u2019un tricycle \u00e0 moteur, Mouloud, digne et d\u00e9termin\u00e9, rencontre des difficult\u00e9s mais aussi la compassion et la solidarit\u00e9 de petites gens anonymes et triomphe des lourdeurs bureaucratiques qui s\u2019opposent \u00e0 son projet. De retour chez lui, il reprend apr\u00e8s l\u2019enterrement son labeur quotidien, mais sa femme, an\u00e9antie par la douleur, reste prostr\u00e9e, inconsolable. Port\u00e9 par la m\u00eame d\u00e9termination et une tendresse muette qu\u2019il partage avec Aya, il va tenter de la faire rena\u00eetre \u00e0 la vie pour qu\u2019elle reprenne sa place au centre de la famille. Le p\u00e8re et la fille, avec l\u2019imagination du c\u0153ur, s\u2019ing\u00e9nient alors \u00e0 chercher des rem\u00e8des au malheur de Fatima, la m\u00e8re, sans jamais se d\u00e9courager.<\/p>\n<h4 style=\"text-align: justify;\"><span style=\"color: #ff0000;\">Le r\u00e9alisateur<\/span><\/h4>\n<p style=\"text-align: justify;\">Amor Hakkar est n\u00e9 en 1958, dans les Aur\u00e9s, en Alg\u00e9rie. A l\u2019\u00e2ge de six mois, il s\u2019installe avec ses parents \u00e0 Besan\u00e7on. Apr\u00e8s des \u00e9tudes scientifiques, il d\u00e9couvre sa passion pour le cin\u00e9ma et l\u2019\u00e9criture. Il r\u00e9alise un court-m\u00e9trage \u00ab Apprends-moi \u00e0 compter jusqu\u2019\u00e0 l\u2019infini \u00bb en 1990 puis, en 1992, un long-m\u00e9trage \u00ab Sale temps pour un voyou \u00bb (s\u00e9lection officielle aux festivals de Carthage, T\u00e9touan, Paris).<br \/>\nEn 2002, apr\u00e8s un retour douloureux en Alg\u00e9rie, o\u00f9 il enterre son p\u00e8re, il d\u00e9couvre les Aur\u00e9s. Il r\u00e9alise un documentaire \u00ab Timad, la vie au c\u0153ur des Aur\u00e8s \u00bb (Prix TV5 au Festival Vues d\u2019Afrique Montr\u00e9al 2003). De retour en France, il \u00e9crit le sc\u00e9nario de \u00ab La maison jaune \u00bb, qu\u2019il r\u00e9alise dans cette r\u00e9gion des Aur\u00e9s en langue berb\u00e8re. Amor Hakkar est en outre l\u2019auteur d\u2019un roman \u00ab La cit\u00e9 des fausses notes \u00bb (prix du livre Marcel Aym\u00e9 2001).<\/p>\n","protected":false},"excerpt":{"rendered":"<p>De Amor HAKKAR &#8211; 80 min &#8211; Alg\u00e9rie &#8211; 2007 Fiction &#8211; couleur &#8211; 35mm &#8211; version originale en chaoui sous-titr\u00e9e en fran\u00e7ais Sc\u00e9nario : Amor Hakkar ; Image : [&hellip;]<\/p>\n","protected":false},"author":1,"featured_media":0,"parent":26,"menu_order":0,"comment_status":"closed","ping_status":"closed","template":"","meta":{"footnotes":""},"class_list":["post-279","page","type-page","status-publish","hentry"],"jetpack_sharing_enabled":true,"jetpack_shortlink":"https:\/\/wp.me\/P7C6tF-4v","jetpack-related-posts":[{"id":513,"url":"https:\/\/asurb.com\/asurb3\/?page_id=513","url_meta":{"origin":279,"position":0},"title":"Programme 2009","author":"webmaster","date":"6 juin 2016","format":false,"excerpt":"Sommaire \u2022 S\u00e9ances ouvertes au public \u2022 S\u00e9ances r\u00e9serv\u00e9es aux scolaires \u2022 Membres du comit\u00e9 de parrainage \u2022 Remerciements \u2022 Pour se rendre sur les lieux \u2022 Les s\u00e9ances ouvertes au public Dimanche 15 novembre Soir\u00e9e Les pionniers du cin\u00e9ma nig\u00e9rien MJC Louise Michel - 94260 Fresnes 18h30 - BON\u2026","rel":"","context":"Article similaire","block_context":{"text":"Article similaire","link":""},"img":{"alt_text":"","src":"https:\/\/i0.wp.com\/asurb.com\/AsurB\/D_Images\/D_Gif_bl\/Blanc120.gif?resize=350%2C200&ssl=1","width":350,"height":200},"classes":[]},{"id":535,"url":"https:\/\/asurb.com\/asurb3\/?page_id=535","url_meta":{"origin":279,"position":1},"title":"Programme 2010","author":"webmaster","date":"6 juin 2016","format":false,"excerpt":"Sommaire \u2022 S\u00e9ances ouvertes au public \u2022 S\u00e9ances scolaires \u2022 Partenaires \u2022 Membres du comit\u00e9 de parrainage \u2022 Remerciements \u2022 Pour se rendre sur les lieux \u2022 Les s\u00e9ances ouvertes au public Samedi 13 novembre Cin\u00e9ma La Pl\u00e9iade - 94230 Cachan 18h00 - L\u2019ABSENCE Long-m\u00e9trage de Mama KE\u00cfTA - 81\u2026","rel":"","context":"Article similaire","block_context":{"text":"Article similaire","link":""},"img":{"alt_text":"","src":"https:\/\/i0.wp.com\/asurb.com\/AsurB\/D_Images\/D_Gif_bl\/Blanc120.gif?resize=350%2C200&ssl=1","width":350,"height":200},"classes":[]},{"id":334,"url":"https:\/\/asurb.com\/asurb3\/?page_id=334","url_meta":{"origin":279,"position":2},"title":"Le poisson noy\u00e9","author":"webmaster","date":"5 juin 2016","format":false,"excerpt":"De Malik AMARA - 18 min - Tunisie - 2008 Fiction - couleur - 35mm - version originale en arabe sous-titr\u00e9e en Fran\u00e7ais Sc\u00e9nario : Malik Amara ; Images : Nabil Saidi ; Montage : Penda Hourgambe ; Son : Karim Guerima ; D\u00e9cor : Axelle Amara ; Interpr\u00e9tation :\u2026","rel":"","context":"Article similaire","block_context":{"text":"Article similaire","link":""},"img":{"alt_text":"Malick_Amara_Fiche","src":"https:\/\/i0.wp.com\/asurb.com\/asurb3\/wp-content\/uploads\/2016\/06\/Malick_Amara_Fiche.jpg?resize=350%2C200&ssl=1","width":350,"height":200},"classes":[]},{"id":241,"url":"https:\/\/asurb.com\/asurb3\/?page_id=241","url_meta":{"origin":279,"position":3},"title":"Ils se sont tus","author":"webmaster","date":"4 juin 2016","format":false,"excerpt":"De Khaled BENA\u00cfSSA - 17 min - Alg\u00e9rie - 2009 Fiction - couleur - 35mm - version arabe sous-titr\u00e9e en fran\u00e7ais Sc\u00e9nario : Khaled Bena\u00efssa ; Image : Mohammed Soudani ; Montage : Malik Benyounes ; Musique : Mourad Guechoud ; Son : Hamid Osmani ; D\u00e9cor : Adel Kasser\u2026","rel":"","context":"Article similaire","block_context":{"text":"Article similaire","link":""},"img":{"alt_text":"Ilssesonttus_Fiche2010","src":"https:\/\/i0.wp.com\/asurb.com\/asurb3\/wp-content\/uploads\/2016\/06\/Ilssesonttus_Fiche2010.jpg?resize=350%2C200&ssl=1","width":350,"height":200},"classes":[]},{"id":110,"url":"https:\/\/asurb.com\/asurb3\/?page_id=110","url_meta":{"origin":279,"position":4},"title":"Festival 2009","author":"webmaster","date":"3 juin 2016","format":false,"excerpt":"Du 15 au 28 novembre 2009, l'association Afrique sur Bi\u00e8vre a organis\u00e9 la 3\u00e8me \u00e9dition du CINE REGARDS AFRICAINS \u2013 Films en Festival Dans quatre salles Cin\u00e9ma la Pl\u00e9iade - 94230 CACHAN Espace municipal Jean Vilar - 94110 ARCUEIL MJC de Fresnes - 94260 FRESNES Cin\u00e9ma la Tournelle - 94240\u2026","rel":"","context":"Article similaire","block_context":{"text":"Article similaire","link":""},"img":{"alt_text":"","src":"","width":0,"height":0},"classes":[]},{"id":376,"url":"https:\/\/asurb.com\/asurb3\/?page_id=376","url_meta":{"origin":279,"position":5},"title":"Mascarades","author":"webmaster","date":"5 juin 2016","format":false,"excerpt":"De Ly\u00e8s SALEM - 92 min - Alg\u00e9rie \/ France - 2008 Fiction - couleur - 35mm - version originale en arabe sous-titr\u00e9e en fran\u00e7ais Sc\u00e9nario : Ly\u00e8s Salem, Nathalie Saugeon ; Image : Pierre Cottereau ; Montage : Florence Ricard ; Musique : Mathias Duplessy ; Son : Marc\u2026","rel":"","context":"Article similaire","block_context":{"text":"Article similaire","link":""},"img":{"alt_text":"Mascarades_Fiche2010","src":"https:\/\/i0.wp.com\/asurb.com\/asurb3\/wp-content\/uploads\/2016\/06\/Mascarades_Fiche2010.jpg?resize=350%2C200&ssl=1","width":350,"height":200},"classes":[]}],"_links":{"self":[{"href":"https:\/\/asurb.com\/asurb3\/index.php?rest_route=\/wp\/v2\/pages\/279","targetHints":{"allow":["GET"]}}],"collection":[{"href":"https:\/\/asurb.com\/asurb3\/index.php?rest_route=\/wp\/v2\/pages"}],"about":[{"href":"https:\/\/asurb.com\/asurb3\/index.php?rest_route=\/wp\/v2\/types\/page"}],"author":[{"embeddable":true,"href":"https:\/\/asurb.com\/asurb3\/index.php?rest_route=\/wp\/v2\/users\/1"}],"replies":[{"embeddable":true,"href":"https:\/\/asurb.com\/asurb3\/index.php?rest_route=%2Fwp%2Fv2%2Fcomments&post=279"}],"version-history":[{"count":1,"href":"https:\/\/asurb.com\/asurb3\/index.php?rest_route=\/wp\/v2\/pages\/279\/revisions"}],"predecessor-version":[{"id":281,"href":"https:\/\/asurb.com\/asurb3\/index.php?rest_route=\/wp\/v2\/pages\/279\/revisions\/281"}],"up":[{"embeddable":true,"href":"https:\/\/asurb.com\/asurb3\/index.php?rest_route=\/wp\/v2\/pages\/26"}],"wp:attachment":[{"href":"https:\/\/asurb.com\/asurb3\/index.php?rest_route=%2Fwp%2Fv2%2Fmedia&parent=279"}],"curies":[{"name":"wp","href":"https:\/\/api.w.org\/{rel}","templated":true}]}}