{"id":291,"date":"2016-06-04T20:44:21","date_gmt":"2016-06-04T19:44:21","guid":{"rendered":"http:\/\/www.test.asurb.com\/?page_id=291"},"modified":"2016-06-04T20:44:21","modified_gmt":"2016-06-04T19:44:21","slug":"la-petite-vendeuse-de-soleil","status":"publish","type":"page","link":"https:\/\/asurb.com\/asurb3\/?page_id=291","title":{"rendered":"La petite vendeuse de soleil"},"content":{"rendered":"<p style=\"text-align: justify;\"><a href=\"https:\/\/i0.wp.com\/asurb.com\/asurb3\/wp-content\/uploads\/2016\/06\/Petite_vendeuse_Fiche.jpg?ssl=1\"><img data-recalc-dims=\"1\" loading=\"lazy\" decoding=\"async\" data-attachment-id=\"292\" data-permalink=\"https:\/\/asurb.com\/asurb3\/?attachment_id=292\" data-orig-file=\"https:\/\/i0.wp.com\/asurb.com\/asurb3\/wp-content\/uploads\/2016\/06\/Petite_vendeuse_Fiche.jpg?fit=250%2C138&amp;ssl=1\" data-orig-size=\"250,138\" data-comments-opened=\"1\" data-image-meta=\"{&quot;aperture&quot;:&quot;0&quot;,&quot;credit&quot;:&quot;&quot;,&quot;camera&quot;:&quot;&quot;,&quot;caption&quot;:&quot;&quot;,&quot;created_timestamp&quot;:&quot;0&quot;,&quot;copyright&quot;:&quot;&quot;,&quot;focal_length&quot;:&quot;0&quot;,&quot;iso&quot;:&quot;0&quot;,&quot;shutter_speed&quot;:&quot;0&quot;,&quot;title&quot;:&quot;&quot;,&quot;orientation&quot;:&quot;0&quot;}\" data-image-title=\"Petite_vendeuse_Fiche\" data-image-description=\"\" data-image-caption=\"\" data-large-file=\"https:\/\/i0.wp.com\/asurb.com\/asurb3\/wp-content\/uploads\/2016\/06\/Petite_vendeuse_Fiche.jpg?fit=250%2C138&amp;ssl=1\" class=\"size-full wp-image-292 alignnone\" src=\"https:\/\/i0.wp.com\/asurb.com\/asurb3\/wp-content\/uploads\/2016\/06\/Petite_vendeuse_Fiche.jpg?resize=250%2C138&#038;ssl=1\" alt=\"Petite_vendeuse_Fiche\" width=\"250\" height=\"138\" \/><\/a><\/p>\n<p style=\"text-align: justify;\"><strong>De Djibril DIOP MAMB\u00c9TY &#8211; 43 min &#8211; S\u00e9n\u00e9gal &#8211; 1998<\/strong><\/p>\n<p style=\"text-align: justify;\">Fiction &#8211; couleur &#8211; 35mm &#8211; version originale en wolof sous-titr\u00e9e en fran\u00e7ais<br \/>\nSc\u00e9nario : Djibril Diop Mamb\u00e9ty ; Images : Jacques Besse ; Montage : Mireille Abramovici ; Musique : Wasis Diop ; Interpr\u00e9tation : Cheikh Nga\u00efdo B\u00e2, Lissa Bal\u00e9ra, Mansour Diouf, Tayerou Mbaye ; Production : C\u00e9ph\u00e9ide Productions, Maag Daan Film &amp;TV, Waka Film ; Distribution : Les Films du Paradoxe (2bis, rue Mertens, 922700 Bois- Colombes, tel. +33,(0)1 46 49 33 33, fax + 33 (0)1 46 49 32 23, courriel : films.paradoxe@wanadoo.fr), CulturesFrance (www.culturesfrance.org).<\/p>\n<h4 style=\"text-align: justify;\"><span style=\"color: #ff0000;\">Synopsis<\/span><\/h4>\n<p style=\"text-align: justify;\">\u00ab Ce que les gar\u00e7ons font, les filles peuvent le faire aussi \u00bb. Ainsi parle Sili, une jeune infirme de12 ans, qui se d\u00e9place \u00e0 l\u2019aide d\u2019une b\u00e9quille. Elle mendie pour survivre et aider sa grand-m\u00e8re aveugle. Un jour, elle d\u00e9cide de mettre un terme \u00e0 la mendicit\u00e9 et de vendre des journaux, tout comme les gar\u00e7ons. Mais ceux-ci consid\u00e8rent cette intrusion comme une d\u00e9claration de guerre. Ils la bousculent et la pers\u00e9cutent \u00e0 qui mieux mieux, allant jusqu\u2019\u00e0 lui voler sa b\u00e9quille. Sili ne baisse pas les bras. Elle rencontre Babou, un vendeur solitaire, qui prend sa d\u00e9fense.<br \/>\nNous suivons Sili dans les rues d\u2019un Dakar populaire, o\u00f9 elle affronte un monde sans piti\u00e9, mais o\u00f9 elle fait aussi l\u2019exp\u00e9rience de l\u2019amiti\u00e9 et de la solidarit\u00e9 entre les \u00ab petites gens \u00bb ch\u00e8res au r\u00e9alisateur.<\/p>\n<h4 style=\"text-align: justify;\"><span style=\"color: #ff0000;\">Le r\u00e9alisateur<\/span><\/h4>\n<p style=\"text-align: justify;\">Djibril Diop Mamb\u00e9ty, (Dakar,1945 \u2013 Paris, 1998), fait des \u00e9tudes de th\u00e9\u00e2tre et devient acteur au Th\u00e9\u00e2tre National Sorano et dans des films s\u00e9n\u00e9galais et italiens. A partir de 1968, il se lance dans la r\u00e9alisation. Parmi ses \u0153uvres les plus c\u00e9l\u00e8bres, citons \u00ab Touki Bouki \u00bb, \u00ab Parlons grand-m\u00e8re \u00bb, \u00ab Hy\u00e8nes \u00bb pr\u00e9sent\u00e9 en s\u00e9lection officielle au Festival de Cannes en 1992. Il r\u00e9alise ensuite \u00ab Le franc \u00bb, premier film de la trilogie consacr\u00e9e aux histoires des petites gens. Suivra \u00ab La petite vendeuse de soleil \u00bb. La mort du cin\u00e9aste en 1998 interrompra la trilogie.<\/p>\n","protected":false},"excerpt":{"rendered":"<p>De Djibril DIOP MAMB\u00c9TY &#8211; 43 min &#8211; S\u00e9n\u00e9gal &#8211; 1998 Fiction &#8211; couleur &#8211; 35mm &#8211; version originale en wolof sous-titr\u00e9e en fran\u00e7ais Sc\u00e9nario : Djibril Diop Mamb\u00e9ty ; [&hellip;]<\/p>\n","protected":false},"author":1,"featured_media":0,"parent":26,"menu_order":0,"comment_status":"closed","ping_status":"closed","template":"","meta":{"footnotes":""},"class_list":["post-291","page","type-page","status-publish","hentry"],"jetpack_sharing_enabled":true,"jetpack_shortlink":"https:\/\/wp.me\/P7C6tF-4H","jetpack-related-posts":[{"id":235,"url":"https:\/\/asurb.com\/asurb3\/?page_id=235","url_meta":{"origin":291,"position":0},"title":"Hy\u00e8nes","author":"webmaster","date":"4 juin 2016","format":false,"excerpt":"De Djibril DIOP MAMB\u00c9TY - 110 min \u2013 S\u00e9n\u00e9gal \u2013 1992 Fiction - couleur - 35mm - version originale en wolof sous-titr\u00e9e en fran\u00e7ais Sc\u00e9nario : Djibril Diop Mamb\u00e9ty, d\u2019apr\u00e8s la pi\u00e8ce de Friedrich D\u00fcrrenmatt, \u00ab La Visite de la vieille dame \u00bb ; Image : Mathias K\u00e4lin ; Montage\u2026","rel":"","context":"Article similaire","block_context":{"text":"Article similaire","link":""},"img":{"alt_text":"Hyenes_Fiche2010","src":"https:\/\/i0.wp.com\/asurb.com\/asurb3\/wp-content\/uploads\/2016\/06\/Hyenes_Fiche2010.jpg?resize=350%2C200&ssl=1","width":350,"height":200},"classes":[]},{"id":325,"url":"https:\/\/asurb.com\/asurb3\/?page_id=325","url_meta":{"origin":291,"position":1},"title":"Le franc","author":"webmaster","date":"5 juin 2016","format":false,"excerpt":"De Djibril DIOP MAMB\u00c9TY \u2013 46 min \u2013 S\u00e9n\u00e9gal \u2013 1994 \u2013 VOSTF Fiction \u2013 couleur - 35 mm \u2013 Version originale en wolof, sous titr\u00e9e en fran\u00e7ais Poulain d\u2019or de Yennenga au FESPACO* 1995 Sc\u00e9nario : Djibril Diop Mamb\u00e9ty ; Images, Stephan Oriach ; Musique : Dieye Ma Dieye,\u2026","rel":"","context":"Article similaire","block_context":{"text":"Article similaire","link":""},"img":{"alt_text":"LeBlanc_Fiche","src":"https:\/\/i0.wp.com\/asurb.com\/asurb3\/wp-content\/uploads\/2016\/06\/LeBlanc_Fiche.jpg?resize=350%2C200&ssl=1","width":350,"height":200},"classes":[]},{"id":780,"url":"https:\/\/asurb.com\/asurb3\/?page_id=780","url_meta":{"origin":291,"position":2},"title":"Touki bouki (Le voyage de la Hy\u00e8ne)","author":"webmaster","date":"19 juin 2016","format":false,"excerpt":"De Djibril DIOP MAMBETY - 87 min - S\u00e9n\u00e9gal -1973\u00a0 - fiction - couleur - VO wolof STF - DVD Sc\u00e9nario : Djibril DIOP Mamb\u00e9ty ; Image : Pap Samba Sow, Georges Bracher ; Montage Siro Asteni, Emma Mennenti ; Musique Jos\u00e9phine Baker, Mado Robin, Aminata Fall ; Son :\u2026","rel":"","context":"Article similaire","block_context":{"text":"Article similaire","link":""},"img":{"alt_text":"","src":"","width":0,"height":0},"classes":[]},{"id":513,"url":"https:\/\/asurb.com\/asurb3\/?page_id=513","url_meta":{"origin":291,"position":3},"title":"Programme 2009","author":"webmaster","date":"6 juin 2016","format":false,"excerpt":"Sommaire \u2022 S\u00e9ances ouvertes au public \u2022 S\u00e9ances r\u00e9serv\u00e9es aux scolaires \u2022 Membres du comit\u00e9 de parrainage \u2022 Remerciements \u2022 Pour se rendre sur les lieux \u2022 Les s\u00e9ances ouvertes au public Dimanche 15 novembre Soir\u00e9e Les pionniers du cin\u00e9ma nig\u00e9rien MJC Louise Michel - 94260 Fresnes 18h30 - BON\u2026","rel":"","context":"Article similaire","block_context":{"text":"Article similaire","link":""},"img":{"alt_text":"","src":"https:\/\/i0.wp.com\/asurb.com\/AsurB\/D_Images\/D_Gif_bl\/Blanc120.gif?resize=350%2C200&ssl=1","width":350,"height":200},"classes":[]},{"id":535,"url":"https:\/\/asurb.com\/asurb3\/?page_id=535","url_meta":{"origin":291,"position":4},"title":"Programme 2010","author":"webmaster","date":"6 juin 2016","format":false,"excerpt":"Sommaire \u2022 S\u00e9ances ouvertes au public \u2022 S\u00e9ances scolaires \u2022 Partenaires \u2022 Membres du comit\u00e9 de parrainage \u2022 Remerciements \u2022 Pour se rendre sur les lieux \u2022 Les s\u00e9ances ouvertes au public Samedi 13 novembre Cin\u00e9ma La Pl\u00e9iade - 94230 Cachan 18h00 - L\u2019ABSENCE Long-m\u00e9trage de Mama KE\u00cfTA - 81\u2026","rel":"","context":"Article similaire","block_context":{"text":"Article similaire","link":""},"img":{"alt_text":"","src":"https:\/\/i0.wp.com\/asurb.com\/AsurB\/D_Images\/D_Gif_bl\/Blanc120.gif?resize=350%2C200&ssl=1","width":350,"height":200},"classes":[]},{"id":1907,"url":"https:\/\/asurb.com\/asurb3\/?page_id=1907","url_meta":{"origin":291,"position":5},"title":"Une place dans l\u2019avion","author":"webmaster","date":"29 novembre 2017","format":false,"excerpt":"De Khadidiatou SOW De Khadidiatou SOW \u2013 S\u00e9n\u00e9gal \u2013 20216 \u2013 16 min \u2013 fiction - couleur \u2013 VO wolof STF\u00a0\u00a0\u00a0\u00a0\u00a0\u00a0 Sc\u00e9nario\u00a0: Khadidiatou SOW \u2013 Image\u00a0: R\u00e9mi Mazet - Son : Ousmane Coly - Montage : H\u00e9lo\u00efse Pelloquet, Makha Bao Fall, Camille Virgile Andr\u00e9 Guihard - Musique et d\u00e9cors :\u2026","rel":"","context":"Article similaire","block_context":{"text":"Article similaire","link":""},"img":{"alt_text":"","src":"","width":0,"height":0},"classes":[]}],"_links":{"self":[{"href":"https:\/\/asurb.com\/asurb3\/index.php?rest_route=\/wp\/v2\/pages\/291","targetHints":{"allow":["GET"]}}],"collection":[{"href":"https:\/\/asurb.com\/asurb3\/index.php?rest_route=\/wp\/v2\/pages"}],"about":[{"href":"https:\/\/asurb.com\/asurb3\/index.php?rest_route=\/wp\/v2\/types\/page"}],"author":[{"embeddable":true,"href":"https:\/\/asurb.com\/asurb3\/index.php?rest_route=\/wp\/v2\/users\/1"}],"replies":[{"embeddable":true,"href":"https:\/\/asurb.com\/asurb3\/index.php?rest_route=%2Fwp%2Fv2%2Fcomments&post=291"}],"version-history":[{"count":1,"href":"https:\/\/asurb.com\/asurb3\/index.php?rest_route=\/wp\/v2\/pages\/291\/revisions"}],"predecessor-version":[{"id":293,"href":"https:\/\/asurb.com\/asurb3\/index.php?rest_route=\/wp\/v2\/pages\/291\/revisions\/293"}],"up":[{"embeddable":true,"href":"https:\/\/asurb.com\/asurb3\/index.php?rest_route=\/wp\/v2\/pages\/26"}],"wp:attachment":[{"href":"https:\/\/asurb.com\/asurb3\/index.php?rest_route=%2Fwp%2Fv2%2Fmedia&parent=291"}],"curies":[{"name":"wp","href":"https:\/\/api.w.org\/{rel}","templated":true}]}}