{"id":3050,"date":"2021-10-10T11:00:08","date_gmt":"2021-10-10T09:00:08","guid":{"rendered":"https:\/\/asurb.com\/asurb3\/?page_id=3050"},"modified":"2022-01-12T19:26:41","modified_gmt":"2022-01-12T18:26:41","slug":"festival-2021","status":"publish","type":"page","link":"https:\/\/asurb.com\/asurb3\/?page_id=3050","title":{"rendered":"Festival 2021"},"content":{"rendered":"<p><span style=\"color: #595959; font-family: verdana, Arial, Helvetica, Swiss, SunSan-regular;\">Du\u00a0vendredi 27 novembre au dimanche 05 d\u00e9cembre\u00a02021, l&rsquo;association Afrique sur Bi\u00e8vre organise la 14\u00e8me \u00e9dition du Festival CINE REGARDS AFRICAINS.<br \/>\n<\/span><\/p>\n<p><span style=\"color: #595959; font-family: verdana, Arial, Helvetica, Swiss, SunSan-regular;\"><b>En Val de Bi\u00e8vre<\/b>, dans les villes de l&rsquo;Ha\u00ff-les-Roses, Cachan, Gentilly, Arcueil, Villejuif et aussi \u00e0 Antony<br \/>\n<\/span><\/p>\n<p><b>Des courts-m\u00e9trages et des longs-m\u00e9trages de r\u00e9alisateurs africains, suivis de d\u00e9bats avec le public\u2026<\/b><span style=\"color: #595959; font-family: verdana, Arial, Helvetica, Swiss, SunSan-regular;\"><b><br \/>\n<\/b><br \/>\n<\/span><b>A consulter <\/b>:<br \/>\n<span style=\"color: #777777; font-family: verdana, Arial, Helvetica, Swiss, SunSan-regular;\"><b><a href=\"https:\/\/wp.me\/p7C6tF-Kk\">Programme du Festival 2021<\/a><br \/>\n<a href=\"https:\/\/wp.me\/p7C6tF-N6\">Bande annonce du festival 2021<\/a><br \/>\n<a href=\"https:\/\/asurb.com\/asurb3\/?p=3149\">Le festival 2021 en images<\/a><\/b><\/span><\/p>\n<p>&nbsp;<\/p>\n<p><b>Afrique sur Bi\u00e8vre.<br \/>\n<\/b>courriel : asurb@laposte.net<\/p>\n<p>&nbsp;<\/p>\n","protected":false},"excerpt":{"rendered":"<p>Du\u00a0vendredi 27 novembre au dimanche 05 d\u00e9cembre\u00a02021, l&rsquo;association Afrique sur Bi\u00e8vre organise la 14\u00e8me \u00e9dition du Festival CINE REGARDS AFRICAINS. En Val de Bi\u00e8vre, dans les villes de l&rsquo;Ha\u00ff-les-Roses, Cachan, [&hellip;]<\/p>\n","protected":false},"author":1,"featured_media":0,"parent":23,"menu_order":0,"comment_status":"closed","ping_status":"closed","template":"","meta":{"footnotes":""},"class_list":["post-3050","page","type-page","status-publish","hentry"],"jetpack_sharing_enabled":true,"jetpack_shortlink":"https:\/\/wp.me\/P7C6tF-Nc","jetpack-related-posts":[{"id":3582,"url":"https:\/\/asurb.com\/asurb3\/?page_id=3582","url_meta":{"origin":3050,"position":0},"title":"Festival 2022","author":"webmaster","date":"4 janvier 2023","format":false,"excerpt":"La 15\u00e8me \u00e9dition du Festival CINE REGARDS AFRICAINS s'est tenue du vendredi 26 novembre au dimanche 04 d\u00e9cembre 2022, dans les villes d' Antony, Arcueil, Cachan, l'Ha\u00ff-les-Roses et Villejuif. Cette manifestation est organis\u00e9e par l'association Afrique sur Bi\u00e8vre. Au programme : des courts-m\u00e9trages et des longs-m\u00e9trages de r\u00e9alisateurs africains, suivis\u2026","rel":"","context":"Article similaire","block_context":{"text":"Article similaire","link":""},"img":{"alt_text":"","src":"","width":0,"height":0},"classes":[]},{"id":3916,"url":"https:\/\/asurb.com\/asurb3\/?page_id=3916","url_meta":{"origin":3050,"position":1},"title":"Festival 2023","author":"webmaster","date":"1 novembre 2023","format":false,"excerpt":"La 16\u00e8me \u00e9dition du Festival CIN\u00c9 REGARDS AFRICAINS s'est tenue du vendredi 24 novembre au dimanche 03 d\u00e9cembre 2023, dans les villes d' Antony, Arcueil, Cachan, l'Ha\u00ff-les-Roses et Villejuif. Cette manifestation est organis\u00e9e par l'association Afrique sur Bi\u00e8vre. Au programme : des courts-m\u00e9trages et des longs-m\u00e9trages de r\u00e9alisateurs africains, suivis\u2026","rel":"","context":"Article similaire","block_context":{"text":"Article similaire","link":""},"img":{"alt_text":"","src":"","width":0,"height":0},"classes":[]},{"id":2953,"url":"https:\/\/asurb.com\/asurb3\/?page_id=2953","url_meta":{"origin":3050,"position":2},"title":"Festival 2019","author":"webmaster","date":"30 ao\u00fbt 2021","format":false,"excerpt":"Du\u00a0vendredi 22 novembre au dimanche 1er d\u00e9cembre\u00a02019, l'association Afrique sur Bi\u00e8vre organise la 13\u00e8me \u00e9dition du CINE REGARDS AFRICAINS \u2013 Films en Festival En Val de Bi\u00e8vre, dans les villes d'Antony, Arcueil,\u00a0 Cachan, Gentilly,\u00a0l'Ha\u00ff-les-Roses et Villejuif. Des courts-m\u00e9trages et des longs-m\u00e9trages de r\u00e9alisateurs africains, suivis de d\u00e9bats avec le public\u2026\u2026","rel":"","context":"Article similaire","block_context":{"text":"Article similaire","link":""},"img":{"alt_text":"","src":"","width":0,"height":0},"classes":[]},{"id":927,"url":"https:\/\/asurb.com\/asurb3\/?page_id=927","url_meta":{"origin":3050,"position":3},"title":"Festival 2016","author":"webmaster","date":"5 octobre 2016","format":false,"excerpt":"Du 18 au 27 novembre 2016, l'association Afrique sur Bi\u00e8vre organise la 10\u00e8me \u00e9dition du CINE REGARDS AFRICAINS \u2013 Films en Festival En Val de Bi\u00e8vre, dans les villes de l'Ha\u00ff-les-Roses, Cachan, Fresnes, Gentilly, Arcueil et Villejuif Des courts-m\u00e9trages et des longs-m\u00e9trages de r\u00e9alisateurs africains, suivis de d\u00e9bats avec le\u2026","rel":"","context":"Article similaire","block_context":{"text":"Article similaire","link":""},"img":{"alt_text":"","src":"","width":0,"height":0},"classes":[]},{"id":123,"url":"https:\/\/asurb.com\/asurb3\/?page_id=123","url_meta":{"origin":3050,"position":4},"title":"Festival 2014","author":"webmaster","date":"3 juin 2016","format":false,"excerpt":"Du 21 au 29 novembre 2014, l'association Afrique sur Bi\u00e8vre organise la 8\u00e8me \u00e9dition du CINE REGARDS AFRICAINS \u2013 Films en Festival En Val de Bi\u00e8vre, dans les villes de l'Ha\u00ff-les-Roses, Cachan, Fresnes, Gentilly, Arcueil et Villejuif Des courts-m\u00e9trages et des longs-m\u00e9trages de r\u00e9alisateurs africains, suivis de d\u00e9bats avec le\u2026","rel":"","context":"Article similaire","block_context":{"text":"Article similaire","link":""},"img":{"alt_text":"","src":"","width":0,"height":0},"classes":[]},{"id":1747,"url":"https:\/\/asurb.com\/asurb3\/?page_id=1747","url_meta":{"origin":3050,"position":5},"title":"Festival 2017","author":"webmaster","date":"9 octobre 2017","format":false,"excerpt":"Du\u00a0vendredi 24 novembre au dimanche 03 d\u00e9cembre\u00a02017, l'association Afrique sur Bi\u00e8vre organise la 11\u00e8me \u00e9dition du CINE REGARDS AFRICAINS \u2013 Films en Festival En Val de Bi\u00e8vre, dans les villes de l'Ha\u00ff-les-Roses, Cachan, Fresnes, Gentilly, Arcueil et Villejuif Des courts-m\u00e9trages et des longs-m\u00e9trages de r\u00e9alisateurs africains, suivis de d\u00e9bats avec\u2026","rel":"","context":"Article similaire","block_context":{"text":"Article similaire","link":""},"img":{"alt_text":"","src":"","width":0,"height":0},"classes":[]}],"_links":{"self":[{"href":"https:\/\/asurb.com\/asurb3\/index.php?rest_route=\/wp\/v2\/pages\/3050","targetHints":{"allow":["GET"]}}],"collection":[{"href":"https:\/\/asurb.com\/asurb3\/index.php?rest_route=\/wp\/v2\/pages"}],"about":[{"href":"https:\/\/asurb.com\/asurb3\/index.php?rest_route=\/wp\/v2\/types\/page"}],"author":[{"embeddable":true,"href":"https:\/\/asurb.com\/asurb3\/index.php?rest_route=\/wp\/v2\/users\/1"}],"replies":[{"embeddable":true,"href":"https:\/\/asurb.com\/asurb3\/index.php?rest_route=%2Fwp%2Fv2%2Fcomments&post=3050"}],"version-history":[{"count":10,"href":"https:\/\/asurb.com\/asurb3\/index.php?rest_route=\/wp\/v2\/pages\/3050\/revisions"}],"predecessor-version":[{"id":3254,"href":"https:\/\/asurb.com\/asurb3\/index.php?rest_route=\/wp\/v2\/pages\/3050\/revisions\/3254"}],"up":[{"embeddable":true,"href":"https:\/\/asurb.com\/asurb3\/index.php?rest_route=\/wp\/v2\/pages\/23"}],"wp:attachment":[{"href":"https:\/\/asurb.com\/asurb3\/index.php?rest_route=%2Fwp%2Fv2%2Fmedia&parent=3050"}],"curies":[{"name":"wp","href":"https:\/\/api.w.org\/{rel}","templated":true}]}}