{"id":3749,"date":"2023-09-04T18:03:11","date_gmt":"2023-09-04T16:03:11","guid":{"rendered":"https:\/\/asurb.com\/asurb3\/?page_id=3749"},"modified":"2023-09-04T18:03:11","modified_gmt":"2023-09-04T16:03:11","slug":"143-rue-du-desert-9","status":"publish","type":"page","link":"https:\/\/asurb.com\/asurb3\/?page_id=3749","title":{"rendered":"Les r\u00e9volt\u00e9s (Vuta n&rsquo;kutuve)"},"content":{"rendered":"<p>De Amil SHIVJITanzanie \/ Afrique du Sud \/ Qatar \/ Allemagne, \u2013 2021 \u2013 1h32 \u2013 fiction \u2013 couleur \u2013 VO swahili\/anglais STF\u00a0\u00a0<\/p>\n<p>Sc\u00e9nario\u00a0:AmilShivji, Jenna Bass, adaptation du roman en swahili d&rsquo;AdamShafi.Interpr\u00e9tation\u00a0:Gudrun Columbus Mwanyika,IkhlasGafur Vora, Sitai Amina, Lukman Ali,Rashid Hemed,MaridhiaJafari,LihnaOnesmoProducteurs\u00a0:Steven Markovitz ,Tamsin Ranger AmilShivji.Contact\u00a0: Steven Markovitz, Big World CinemaT: +27 83 2611 044 | +27214220330 | E: <a href=\"mailto:steven@bigworld.co.za\">steven@bigworld.co.za<\/a><\/p>\n<p>Prix Oumarou Ganda de la premi\u00e8re fiction FESPACO 2021.Tanit d\u2019or et Prix de la meilleure image, aux Journ\u00e9es Cin\u00e9matographiques de Carthage 2022.Prix du Jury de la critique de la Fipresci. Prix du meilleur film de l&rsquo;Africa Movie Academy Award 2022 et de la meilleure actrice pour Ikhlas Gafur Vora.<\/p>\n<h4 style=\"text-align: justify;\"><span style=\"color: #ff0000;\">Synopsis\u00a0<\/span><\/h4>\n<p style=\"text-align: left;\"><em>Les r\u00e9volt\u00e9s,<\/em> adaptation du roman \u00e9ponyme \u00e9crit en swahili d&rsquo;Adam Shafi, se de\u0301roule dans les anne\u0301es 1950 a\u0300 Zanzibar, au temps de la domination britannique. C&rsquo;est une histoire d&rsquo;amour secou\u00e9e par la rigueur de la r\u00e9pression et la lutte militante locale pour la lib\u00e9ration.Un jeune re\u0301volutionnaire, Denge, et une jeune marie\u0301e en fuite, Yasmin, luttent contre les interdits et cherchent a\u0300 se libe\u0301rer des contraintes du colonialisme.Celong m\u00e9trageest riche d\u2019un large e\u0301ventail de personnages et d\u2019images a\u0300 la symbolique puissante. Il nous plonge dans les re\u0301alite\u0301s et les enjeux socio-politiques d\u2019une e\u0301poque.\u00ab D\u2019une grande beaut\u00e9 plastique, le film baigne dans les staccatos pianos d\u2019une riche musique aux couleurs nostalgiques qui s\u2019accordent aux lumi\u00e8res de la ville ou aux clairs-obscurs des int\u00e9rieurs. Ce soin pour les \u00e9clairages et les cadres mais aussi l\u2019\u00e9pure du jeu des acteurs conf\u00e8re au r\u00e9cit une impressionnante force suggestive, la beaut\u00e9 des \u00eatres s\u2019imposant face \u00e0 la domination coloniale. \u00bb (Olivier Barlet \u2013 Africultures)<\/p>\n<h4 style=\"text-align: justify;\"><span style=\"color: #ff0000;\">Le r\u00e9alisateur<\/span><\/h4>\n<p style=\"text-align: left;\">Amil SHIVJI est un r\u00e9alisateur, sc\u00e9nariste et producteur tanzanien. Form\u00e9 en Production Cin\u00e9matographique \u00e0 l\u2019Universit\u00e9 de York, au Canada, il vit d\u00e9sormais dans sa ville natale, Dar es Salaam, o\u00f9 il travaille comme r\u00e9alisateur ind\u00e9pendant. Convaincu que le cin\u00e9ma, s\u2019il s\u2019int\u00e9resse \u00e0 l\u2019injustice sociale et politique, est le m\u00e9dia le plus efficace pour changer l\u2019ordre social, Amil, successivement reporter, animateur de radio et cin\u00e9aste, a toujours \u00e9t\u00e9 conscient du pouvoir des m\u00e9dias. Le n\u00e9ocolonialisme, l\u2019imp\u00e9rialisme culturel et politique et la solidarit\u00e9 avec la Palestine sont les th\u00e8mes centraux de son travail d\u2019activiste et de journaliste. L\u2019usage qu\u2019il fait du cin\u00e9ma est destin\u00e9 \u00e0 bouleverser les d\u00e9formations historiques et contemporaines de la repr\u00e9sentation du continent africain.Il a r\u00e9alis\u00e9 plusieurs documentaires et courts m\u00e9trages. <em>Les R\u00e9volt\u00e9s<\/em> est son deuxi\u00e8me long m\u00e9trage.<\/p>\n\n","protected":false},"excerpt":{"rendered":"<p>De Amil SHIVJITanzanie \/ Afrique du Sud \/ Qatar \/ Allemagne, \u2013 2021 \u2013 1h32 \u2013 fiction \u2013 couleur \u2013 VO swahili\/anglais STF\u00a0\u00a0 Sc\u00e9nario\u00a0:AmilShivji, Jenna Bass, adaptation du roman en [&hellip;]<\/p>\n","protected":false},"author":1,"featured_media":0,"parent":26,"menu_order":0,"comment_status":"closed","ping_status":"closed","template":"","meta":{"footnotes":""},"class_list":["post-3749","page","type-page","status-publish","hentry"],"jetpack_sharing_enabled":true,"jetpack_shortlink":"https:\/\/wp.me\/P7C6tF-Yt","jetpack-related-posts":[{"id":1977,"url":"https:\/\/asurb.com\/asurb3\/?page_id=1977","url_meta":{"origin":3749,"position":0},"title":"Maman Colonelle","author":"webmaster","date":"7 d\u00e9cembre 2017","format":false,"excerpt":"De Dieudo HAMADI Congo Kinshasa (RDC) \u2013 2017 - 72 min \u2013 documentaire \u2013 couleur \u2013 VO lingala, swahili STF Image\u00a0: Dieudo Hamadi \u2013 Son\u00a0: Fran\u00e7ois Tariq Sardi \u2013 Montage : Anne Renardet \u2013 Production :\u00a0Cin\u00e9doc Films \u2013 Coproduction\u00a0: Mutotu Productions - Distribution\u00a0: Andanafilms - 25 route de l'Echelette -\u2026","rel":"","context":"Article similaire","block_context":{"text":"Article similaire","link":""},"img":{"alt_text":"","src":"","width":0,"height":0},"classes":[]},{"id":214,"url":"https:\/\/asurb.com\/asurb3\/?page_id=214","url_meta":{"origin":3749,"position":1},"title":"En attendant le vote","author":"webmaster","date":"4 juin 2016","format":false,"excerpt":"De Missa HEBIE - 100 min \u2013 Burkina Faso \u20132010 Fiction - couleur - 35 min - VOSTF. Adaptation,sc\u00e9nario : Missa H\u00e9bi\u00e9, Marcel Beaulieu ; Image : Fr\u00e9d\u00e9ric Serve ; Son : L\u00e9onard Soubeiga ; Montage : Idit Blochet, Montandi Ouoba ; Musique : Wasis Diop ; D\u00e9cor : Rasman\u00e9\u2026","rel":"","context":"Article similaire","block_context":{"text":"Article similaire","link":""},"img":{"alt_text":"Vote_Fiche","src":"https:\/\/i0.wp.com\/asurb.com\/asurb3\/wp-content\/uploads\/2016\/06\/Vote_Fiche.jpg?resize=350%2C200&ssl=1","width":350,"height":200},"classes":[]},{"id":4118,"url":"https:\/\/asurb.com\/asurb3\/?page_id=4118","url_meta":{"origin":3749,"position":2},"title":"Paradis (The Village Next To Paradise)","author":"webmaster","date":"3 septembre 2024","format":false,"excerpt":"De Mo HARAWE - Somalie, Autriche, France, Allemagne - 2024 \u2013 133 min \u2013 Fiction \u2013 VO somali STFS\u00e9lectionn\u00e9 \u00e0 Un Certain Regard Festival de Cannes 2024 Fiche technique Sc\u00e9nario\u00a0: Mo Harawe -Image\u00a0: Mostafa El Kashef- Son\u00a0: Willis Abuto, Anne Gibourg, Guadalupe Cassius, Christophe Vingtrinier \u2013 montage\u00a0: Joana Scrinzi -\u2026","rel":"","context":"Article similaire","block_context":{"text":"Article similaire","link":""},"img":{"alt_text":"","src":"https:\/\/i0.wp.com\/asurb.com\/asurb3\/wp-content\/uploads\/2024\/10\/the-village-next-to-paradise-213x300.jpg?resize=350%2C200&ssl=1","width":350,"height":200},"classes":[]},{"id":2847,"url":"https:\/\/asurb.com\/asurb3\/?page_id=2847","url_meta":{"origin":3749,"position":3},"title":"Rafiki","author":"webmaster","date":"12 ao\u00fbt 2020","format":false,"excerpt":"RAFIKI - De Wanuri KAHIU \u2013 Kenya \u2013 2018 - 82 min \u2013 fiction \u2013 couleur -VOSTF Sc\u00e9nario\u00a0: Jenna Cato Bass et Wanuri Kahiu \u00a0- Directeur de la photo\u00a0: Christopher Wessels - Montage\u00a0: Isabelle Dedieu et Ronelle Loots \u00a0\u2013 Interpr\u00e9tation\u00a0: Samantha Mugatsia, Sheila Munyiva, Jimmi Gathu, Nini Wacera, Dennis Musyoka\u2026","rel":"","context":"Article similaire","block_context":{"text":"Article similaire","link":""},"img":{"alt_text":"","src":"","width":0,"height":0},"classes":[]},{"id":3496,"url":"https:\/\/asurb.com\/asurb3\/?page_id=3496","url_meta":{"origin":3749,"position":4},"title":"Astel","author":"webmaster","date":"8 novembre 2022","format":false,"excerpt":"De Ramata Toulaye\u00a0 SY\u2013 S\u00e9n\u00e9gal - 2021 \u2013 24 min - fiction - VOSTF Prix du \u2018\u2019Share Her Journey \u2019\u2019 au Festival de Toronto 2021 \/ Prix Sp\u00e9cial du jury et Prix SACD de la meilleure premi\u00e8re \u0153uvre au Festival de Clermont-Ferrand 2022. Synopsis Nous sommes en octobre, c\u2019est la\u2026","rel":"","context":"Article similaire","block_context":{"text":"Article similaire","link":""},"img":{"alt_text":"","src":"","width":0,"height":0},"classes":[]},{"id":2437,"url":"https:\/\/asurb.com\/asurb3\/?page_id=2437","url_meta":{"origin":3749,"position":5},"title":"Black Mamba","author":"webmaster","date":"5 juin 2019","format":false,"excerpt":"De Amel GUELLATY \u2013 Tunisie \u2013 2017 \u2013 20 min \u2013 fiction \u2013 couleur \u2013 VO arabe STF De Amel GUELLATY \u2013 Tunisie \u2013 2017 \u2013 20 min \u2013 fiction \u2013 couleur \u2013 VO arabe STF \u2013 Sc\u00e9nario\u00a0: Amel Guellaty \u2013 Image\u00a0: Ikbel Arafa \u2013 Musique\u00a0: Omar Aloulou - Montage\u2026","rel":"","context":"Article similaire","block_context":{"text":"Article similaire","link":""},"img":{"alt_text":"","src":"https:\/\/i0.wp.com\/asurb.com\/asurb3\/wp-content\/uploads\/2018\/10\/Black-mamba-225x300.jpg?resize=350%2C200&ssl=1","width":350,"height":200},"classes":[]}],"_links":{"self":[{"href":"https:\/\/asurb.com\/asurb3\/index.php?rest_route=\/wp\/v2\/pages\/3749","targetHints":{"allow":["GET"]}}],"collection":[{"href":"https:\/\/asurb.com\/asurb3\/index.php?rest_route=\/wp\/v2\/pages"}],"about":[{"href":"https:\/\/asurb.com\/asurb3\/index.php?rest_route=\/wp\/v2\/types\/page"}],"author":[{"embeddable":true,"href":"https:\/\/asurb.com\/asurb3\/index.php?rest_route=\/wp\/v2\/users\/1"}],"replies":[{"embeddable":true,"href":"https:\/\/asurb.com\/asurb3\/index.php?rest_route=%2Fwp%2Fv2%2Fcomments&post=3749"}],"version-history":[{"count":1,"href":"https:\/\/asurb.com\/asurb3\/index.php?rest_route=\/wp\/v2\/pages\/3749\/revisions"}],"predecessor-version":[{"id":3750,"href":"https:\/\/asurb.com\/asurb3\/index.php?rest_route=\/wp\/v2\/pages\/3749\/revisions\/3750"}],"up":[{"embeddable":true,"href":"https:\/\/asurb.com\/asurb3\/index.php?rest_route=\/wp\/v2\/pages\/26"}],"wp:attachment":[{"href":"https:\/\/asurb.com\/asurb3\/index.php?rest_route=%2Fwp%2Fv2%2Fmedia&parent=3749"}],"curies":[{"name":"wp","href":"https:\/\/api.w.org\/{rel}","templated":true}]}}