{"id":489,"date":"2016-06-05T20:35:07","date_gmt":"2016-06-05T18:35:07","guid":{"rendered":"http:\/\/www.test.asurb.com\/?page_id=489"},"modified":"2016-06-05T20:35:07","modified_gmt":"2016-06-05T18:35:07","slug":"yeelen-la-lumiere","status":"publish","type":"page","link":"https:\/\/asurb.com\/asurb3\/?page_id=489","title":{"rendered":"Yeelen \/ La lumi\u00e8re"},"content":{"rendered":"<p style=\"text-align: justify;\"><a href=\"https:\/\/i0.wp.com\/asurb.com\/asurb3\/wp-content\/uploads\/2016\/06\/YEELEN_1_Fiche.jpg?ssl=1\"><img data-recalc-dims=\"1\" loading=\"lazy\" decoding=\"async\" data-attachment-id=\"490\" data-permalink=\"https:\/\/asurb.com\/asurb3\/?attachment_id=490\" data-orig-file=\"https:\/\/i0.wp.com\/asurb.com\/asurb3\/wp-content\/uploads\/2016\/06\/YEELEN_1_Fiche.jpg?fit=225%2C138&amp;ssl=1\" data-orig-size=\"225,138\" data-comments-opened=\"1\" data-image-meta=\"{&quot;aperture&quot;:&quot;0&quot;,&quot;credit&quot;:&quot;&quot;,&quot;camera&quot;:&quot;&quot;,&quot;caption&quot;:&quot;&quot;,&quot;created_timestamp&quot;:&quot;0&quot;,&quot;copyright&quot;:&quot;&quot;,&quot;focal_length&quot;:&quot;0&quot;,&quot;iso&quot;:&quot;0&quot;,&quot;shutter_speed&quot;:&quot;0&quot;,&quot;title&quot;:&quot;&quot;,&quot;orientation&quot;:&quot;1&quot;}\" data-image-title=\"YEELEN_1_Fiche\" data-image-description=\"\" data-image-caption=\"\" data-large-file=\"https:\/\/i0.wp.com\/asurb.com\/asurb3\/wp-content\/uploads\/2016\/06\/YEELEN_1_Fiche.jpg?fit=225%2C138&amp;ssl=1\" class=\"alignnone size-full wp-image-490\" src=\"https:\/\/i0.wp.com\/asurb.com\/asurb3\/wp-content\/uploads\/2016\/06\/YEELEN_1_Fiche.jpg?resize=225%2C138&#038;ssl=1\" alt=\"YEELEN_1_Fiche\" width=\"225\" height=\"138\" \/><\/a><\/p>\n<p style=\"text-align: justify;\"><strong>Mali &#8211; 1987 &#8211; fiction &#8211; 106 min &#8211; couleur &#8211; VOSTFR<\/strong><\/p>\n<p style=\"text-align: justify;\">Premier film d\u2019Afrique noire prim\u00e9 au festival de Cannes, \u00ab Yeelen \u00bb a obtenu le Prix du Jury en 1987.<\/p>\n<p style=\"text-align: justify;\">R\u00e9alisation : Souleymane Ciss\u00e9<br \/>\nSc\u00e9nario : Souleymane Ciss\u00e9<br \/>\nInterpr\u00e9tation : Issiaka Kan\u00e9, Aoua Sangar\u00e9, Niamanto Sanogo, Balla Moussa Ke\u00efta, Soumba Traor\u00e9, Ismaila Sarr, Youssous T\u00e9nin Ciss\u00e9, Koke Sangar\u00e9<br \/>\nMontage : Andr\u00e9e Davanture, Marie-Christine Miqueau, Jeany Frenck, Seipati Bulane<br \/>\nImage : Jean-No\u00ebl Ferragut, Jean-Michel Humeau ;<br \/>\nSon : Daniel Olivier, Michel Mellier ;<br \/>\nMusique : Michel Portal, Salif Ke\u00efta ;<br \/>\nCostumes : Kossa Mody Ke\u00efta ;<br \/>\nProduction : Atria\/Africascop, Les Films Ciss\u00e9 ;<\/p>\n<h4 style=\"text-align: justify;\"><span style=\"color: #ff0000;\">Synopsis<\/span><\/h4>\n<p style=\"text-align: justify;\">Il y a quelques si\u00e8cles, dans une famille de sorciers, un jeune homme, Nianankoro, s&rsquo;appr\u00eate \u00e0 recevoir le savoir destin\u00e9 \u00e0 lui assurer la ma\u00eetrise des forces qui l&rsquo;entourent. Il s\u2019agit du komo \u00bb que les Bambaras se transmettent de g\u00e9n\u00e9ration en g\u00e9n\u00e9ration. Cependant le p\u00e8re voit d&rsquo;un mauvais oeil son fils devenir son \u00e9gal, aussi sa m\u00e8re \u00e9loigne-t-elle le jeune homme. Au cours de ce voyage initiatique, Nianankoro va apprendre \u00e0 tester ses forces et ses pouvoirs et il devra in\u00e9vitablement affronter son p\u00e8re en un combat mortel.<br \/>\nPour Souleymane Ciss\u00e9 \u00ab Le sujet de Yeelen est la saga des Bambaras mais aussi la connaissance, ce que l\u2019homme fait du savoir. (\u2026) La rencontre entre les deux hommes [le p\u00e8re et le fils] \u00e0 la fin du film symbolise la guerre, la grande tuerie, la folie de l\u2019homme. Mais cet affrontement cr\u00e9e aussi la lumi\u00e8re, la renaissance d\u2019un monde qui ne sera jamais d\u00e9truit : il y aura toujours un signe d\u2019espoir. \u00bb<br \/>\n\u00ab La lumi\u00e8re porte bien son nom. Le cin\u00e9aste a utilis\u00e9 toutes les possibilit\u00e9s de l\u2019imaginaire et des images pour composer ce conte mystique \u00e9poustouflant ! \u00bb (Catherine Ruelle).<\/p>\n<h4 style=\"text-align: justify;\"><span style=\"color: #ff0000;\">Le r\u00e9alisateur<\/span><\/h4>\n<p style=\"text-align: justify;\">N\u00e9 au Mali en1940, Souleymane Ciss\u00e9 se passionne d\u00e8s son enfance pour le cin\u00e9ma. Il suit un stage de projectionniste puis des \u00e9tudes de cin\u00e9ma \u00e0 l&rsquo;Institut des Hautes Etudes Sup\u00e9rieures de la Cin\u00e9matographie de Moscou dont il est dipl\u00f4m\u00e9 en 1969. De retour au Mali, il tourne en 1971 un moyen &#8211; m\u00e9trage, \u00ab Cinq jours d\u2019une vie \u00bb, prim\u00e9 au festival de Carthage.<br \/>\nEn 1975, il r\u00e9alise en bambara son premier long-m\u00e9trage, \u00ab Den Muso (La jeune fille) \u00bb. Viendront ensuite \u00ab Baara (Le travail) \u00bb, Etalon de Yennenga au FESPACO 1979; puis, en 1982, \u00ab Finy\u00e9 (Le vent) \u00bb, s\u00e9lectionn\u00e9 au Festival de Cannes la m\u00eame ann\u00e9e, Etalon de Yennenga au FESPACO 1983 et Tanit d\u2019or aux Journ\u00e9es cin\u00e9matographiques de Carthage ; et \u00ab Yeelen \u00bb tourn\u00e9 entre 1984 et 1987. Il r\u00e9alise en 1995 un film sur l\u2019apartheid en Afrique du Sud, \u00ab Waati (Le temps) \u00bb. En 2009, il pr\u00e9sente au Festival de Cannes \u00ab Min Y\u00e9 (Dis-moi qui tu es) \u00bb.<br \/>\nSouleymane Ciss\u00e9 est \u00e9galement producteur (Les films Ciss\u00e9), exploitant et fondateur de l\u2019UCECAO (Union des cr\u00e9ateurs et entrepreneurs du cin\u00e9ma et de l\u2019audiovisuel de l\u2019Afrique de l\u2019Ouest).<\/p>\n","protected":false},"excerpt":{"rendered":"<p>Mali &#8211; 1987 &#8211; fiction &#8211; 106 min &#8211; couleur &#8211; VOSTFR Premier film d\u2019Afrique noire prim\u00e9 au festival de Cannes, \u00ab Yeelen \u00bb a obtenu le Prix du Jury [&hellip;]<\/p>\n","protected":false},"author":1,"featured_media":0,"parent":26,"menu_order":0,"comment_status":"closed","ping_status":"closed","template":"","meta":{"footnotes":""},"class_list":["post-489","page","type-page","status-publish","hentry"],"jetpack_sharing_enabled":true,"jetpack_shortlink":"https:\/\/wp.me\/P7C6tF-7T","jetpack-related-posts":[{"id":226,"url":"https:\/\/asurb.com\/asurb3\/?page_id=226","url_meta":{"origin":489,"position":0},"title":"Faro la reine des eaux","author":"webmaster","date":"4 juin 2016","format":false,"excerpt":"De Salif TRAOR\u00c9 \u2013 96 min \u2013 Mali \u2013 2007 \u2013 VOSTF Fiction \u2013 couleur \u2013 35 mm \u2013 Version originale en bambara, sous titr\u00e9e en fran\u00e7ais Ce film a fait l\u2019ouverture du FESPACO*, a \u00e9t\u00e9 s\u00e9lectionn\u00e9 au festival de Berlin (section forum) et au festival de Toronto en 2007.\u2026","rel":"","context":"Article similaire","block_context":{"text":"Article similaire","link":""},"img":{"alt_text":"Faro_Fiche","src":"https:\/\/i0.wp.com\/asurb.com\/asurb3\/wp-content\/uploads\/2016\/06\/Faro_Fiche.jpg?resize=350%2C200&ssl=1","width":350,"height":200},"classes":[]},{"id":191,"url":"https:\/\/asurb.com\/asurb3\/?page_id=191","url_meta":{"origin":489,"position":1},"title":"Camp de Thiaroye","author":"webmaster","date":"4 juin 2016","format":false,"excerpt":"De Ousmane SEMB\u00c8NE \u2013 147 min \u2013 S\u00e9n\u00e9gal \u2013 1988 \u2013 VOSTF Fiction \u2013 couleur \u2013 format DVD \u2013 Version originale en diola et Wolof, sous titr\u00e9e en fran\u00e7ais Prix sp\u00e9cial du jury au festival de Venise de 1988; Prix Institut des peuples noirs au FESPACO* 1989 Sc\u00e9nario : Ousmane\u2026","rel":"","context":"Article similaire","block_context":{"text":"Article similaire","link":""},"img":{"alt_text":"CampThiaore_fiche","src":"https:\/\/i0.wp.com\/asurb.com\/asurb3\/wp-content\/uploads\/2016\/06\/CampThiaore_fiche.jpg?resize=350%2C200&ssl=1","width":350,"height":200},"classes":[]},{"id":513,"url":"https:\/\/asurb.com\/asurb3\/?page_id=513","url_meta":{"origin":489,"position":2},"title":"Programme 2009","author":"webmaster","date":"6 juin 2016","format":false,"excerpt":"Sommaire \u2022 S\u00e9ances ouvertes au public \u2022 S\u00e9ances r\u00e9serv\u00e9es aux scolaires \u2022 Membres du comit\u00e9 de parrainage \u2022 Remerciements \u2022 Pour se rendre sur les lieux \u2022 Les s\u00e9ances ouvertes au public Dimanche 15 novembre Soir\u00e9e Les pionniers du cin\u00e9ma nig\u00e9rien MJC Louise Michel - 94260 Fresnes 18h30 - BON\u2026","rel":"","context":"Article similaire","block_context":{"text":"Article similaire","link":""},"img":{"alt_text":"","src":"https:\/\/i0.wp.com\/asurb.com\/AsurB\/D_Images\/D_Gif_bl\/Blanc120.gif?resize=350%2C200&ssl=1","width":350,"height":200},"classes":[]},{"id":288,"url":"https:\/\/asurb.com\/asurb3\/?page_id=288","url_meta":{"origin":489,"position":3},"title":"La nuit de la v\u00e9rit\u00e9","author":"webmaster","date":"4 juin 2016","format":false,"excerpt":"De Fanta R\u00e9gina NACRO - 100 min - Burkina Faso - 2004 Fiction - couleur - 35mm - version originale en fran\u00e7ais, moor\u00e9 et dioula sous-titr\u00e9e en fan\u00e7ais Sc\u00e9nario : Marc Gautron, Fanta R\u00e9gina Nacro ; Images : Nara K\u00e9o Kosal ; Montage : Andr\u00e9e Davanture ; Musique : Troupe\u2026","rel":"","context":"Article similaire","block_context":{"text":"Article similaire","link":""},"img":{"alt_text":"Fanta_Regina_Nacro_Fiche","src":"https:\/\/i0.wp.com\/asurb.com\/asurb3\/wp-content\/uploads\/2016\/06\/Fanta_Regina_Nacro_Fiche.jpg?resize=350%2C200&ssl=1","width":350,"height":200},"classes":[]},{"id":206,"url":"https:\/\/asurb.com\/asurb3\/?page_id=206","url_meta":{"origin":489,"position":4},"title":"Drogba est mort","author":"webmaster","date":"4 juin 2016","format":false,"excerpt":"De Moussa DIARRA, Eric RIVOT - 9 min - Mali - 2009 Fiction - couleur - DVD - VOSTF Sc\u00e9nario : Eric Rivot ; Image : Eric Rivot ; Montage : Moussa Diarra, Eric Rivot ; Musique : Eric Rivot ; Son : Abdul Salam ; Interpr\u00e8tes : Fanta Coulibaly,\u2026","rel":"","context":"Article similaire","block_context":{"text":"Article similaire","link":""},"img":{"alt_text":"Drogba_Fiche","src":"https:\/\/i0.wp.com\/asurb.com\/asurb3\/wp-content\/uploads\/2016\/06\/Drogba_Fiche.jpg?resize=350%2C200&ssl=1","width":350,"height":200},"classes":[]},{"id":535,"url":"https:\/\/asurb.com\/asurb3\/?page_id=535","url_meta":{"origin":489,"position":5},"title":"Programme 2010","author":"webmaster","date":"6 juin 2016","format":false,"excerpt":"Sommaire \u2022 S\u00e9ances ouvertes au public \u2022 S\u00e9ances scolaires \u2022 Partenaires \u2022 Membres du comit\u00e9 de parrainage \u2022 Remerciements \u2022 Pour se rendre sur les lieux \u2022 Les s\u00e9ances ouvertes au public Samedi 13 novembre Cin\u00e9ma La Pl\u00e9iade - 94230 Cachan 18h00 - L\u2019ABSENCE Long-m\u00e9trage de Mama KE\u00cfTA - 81\u2026","rel":"","context":"Article similaire","block_context":{"text":"Article similaire","link":""},"img":{"alt_text":"","src":"https:\/\/i0.wp.com\/asurb.com\/AsurB\/D_Images\/D_Gif_bl\/Blanc120.gif?resize=350%2C200&ssl=1","width":350,"height":200},"classes":[]}],"_links":{"self":[{"href":"https:\/\/asurb.com\/asurb3\/index.php?rest_route=\/wp\/v2\/pages\/489","targetHints":{"allow":["GET"]}}],"collection":[{"href":"https:\/\/asurb.com\/asurb3\/index.php?rest_route=\/wp\/v2\/pages"}],"about":[{"href":"https:\/\/asurb.com\/asurb3\/index.php?rest_route=\/wp\/v2\/types\/page"}],"author":[{"embeddable":true,"href":"https:\/\/asurb.com\/asurb3\/index.php?rest_route=\/wp\/v2\/users\/1"}],"replies":[{"embeddable":true,"href":"https:\/\/asurb.com\/asurb3\/index.php?rest_route=%2Fwp%2Fv2%2Fcomments&post=489"}],"version-history":[{"count":1,"href":"https:\/\/asurb.com\/asurb3\/index.php?rest_route=\/wp\/v2\/pages\/489\/revisions"}],"predecessor-version":[{"id":491,"href":"https:\/\/asurb.com\/asurb3\/index.php?rest_route=\/wp\/v2\/pages\/489\/revisions\/491"}],"up":[{"embeddable":true,"href":"https:\/\/asurb.com\/asurb3\/index.php?rest_route=\/wp\/v2\/pages\/26"}],"wp:attachment":[{"href":"https:\/\/asurb.com\/asurb3\/index.php?rest_route=%2Fwp%2Fv2%2Fmedia&parent=489"}],"curies":[{"name":"wp","href":"https:\/\/api.w.org\/{rel}","templated":true}]}}