{"id":8,"date":"2016-05-30T20:11:39","date_gmt":"2016-05-30T19:11:39","guid":{"rendered":"http:\/\/www.test.asurb.com\/?page_id=8"},"modified":"2025-11-04T14:52:06","modified_gmt":"2025-11-04T13:52:06","slug":"liens-utiles","status":"publish","type":"page","link":"https:\/\/asurb.com\/asurb3\/?page_id=8","title":{"rendered":"Liens utiles"},"content":{"rendered":"<h5><strong>Pour entrer en relation avec d\u2019autres d\u00e9couvreurs ou passeurs d\u2019images venues d\u2019Afrique\u2026<\/strong><\/h5>\n<p><a href=\"https:\/\/i0.wp.com\/institutfrancais.com\/\" target=\"_blank\" rel=\"noopener noreferrer\"><br \/>\n<\/a><a href=\"https:\/\/i0.wp.com\/asurb.com\/asurb3\/wp-content\/uploads\/2016\/05\/Institut-Francais.jpg\"><img data-recalc-dims=\"1\" loading=\"lazy\" decoding=\"async\" data-attachment-id=\"906\" data-permalink=\"https:\/\/asurb.com\/asurb3\/?attachment_id=906\" data-orig-file=\"https:\/\/i0.wp.com\/asurb.com\/asurb3\/wp-content\/uploads\/2016\/05\/Institut-Francais.jpg?fit=150%2C66&amp;ssl=1\" data-orig-size=\"150,66\" data-comments-opened=\"1\" data-image-meta=\"{&quot;aperture&quot;:&quot;0&quot;,&quot;credit&quot;:&quot;&quot;,&quot;camera&quot;:&quot;&quot;,&quot;caption&quot;:&quot;&quot;,&quot;created_timestamp&quot;:&quot;0&quot;,&quot;copyright&quot;:&quot;&quot;,&quot;focal_length&quot;:&quot;0&quot;,&quot;iso&quot;:&quot;0&quot;,&quot;shutter_speed&quot;:&quot;0&quot;,&quot;title&quot;:&quot;&quot;,&quot;orientation&quot;:&quot;0&quot;}\" data-image-title=\"Institut-Francais\" data-image-description=\"\" data-image-caption=\"\" data-large-file=\"https:\/\/i0.wp.com\/asurb.com\/asurb3\/wp-content\/uploads\/2016\/05\/Institut-Francais.jpg?fit=150%2C66&amp;ssl=1\" class=\"alignleft size-full wp-image-906\" src=\"https:\/\/i0.wp.com\/asurb.com\/asurb3\/wp-content\/uploads\/2016\/05\/Institut-Francais.jpg?resize=150%2C66\" alt=\"Institut-Francais\" width=\"150\" height=\"66\" srcset=\"https:\/\/i0.wp.com\/asurb.com\/asurb3\/wp-content\/uploads\/2016\/05\/Institut-Francais.jpg?w=150&amp;ssl=1 150w, https:\/\/i0.wp.com\/asurb.com\/asurb3\/wp-content\/uploads\/2016\/05\/Institut-Francais.jpg?resize=100%2C44&amp;ssl=1 100w\" sizes=\"auto, (max-width: 150px) 100vw, 150px\" \/><\/a>www.institutfrancais.com<\/p>\n<p><span style=\"line-height: 1.42857;\">Sa Cin\u00e9math\u00e8que Afrique constitue une importante collection de films africains.<\/span><\/p>\n<p><a href=\"https:\/\/i0.wp.com\/asurb.com\/asurb3\/wp-content\/uploads\/2016\/05\/Africultures.jpg\"><img data-recalc-dims=\"1\" loading=\"lazy\" decoding=\"async\" data-attachment-id=\"892\" data-permalink=\"https:\/\/asurb.com\/asurb3\/?attachment_id=892\" data-orig-file=\"https:\/\/i0.wp.com\/asurb.com\/asurb3\/wp-content\/uploads\/2016\/05\/Africultures.jpg?fit=150%2C31&amp;ssl=1\" data-orig-size=\"150,31\" data-comments-opened=\"1\" data-image-meta=\"{&quot;aperture&quot;:&quot;0&quot;,&quot;credit&quot;:&quot;&quot;,&quot;camera&quot;:&quot;&quot;,&quot;caption&quot;:&quot;&quot;,&quot;created_timestamp&quot;:&quot;0&quot;,&quot;copyright&quot;:&quot;&quot;,&quot;focal_length&quot;:&quot;0&quot;,&quot;iso&quot;:&quot;0&quot;,&quot;shutter_speed&quot;:&quot;0&quot;,&quot;title&quot;:&quot;&quot;,&quot;orientation&quot;:&quot;0&quot;}\" data-image-title=\"Africultures\" data-image-description=\"\" data-image-caption=\"\" data-large-file=\"https:\/\/i0.wp.com\/asurb.com\/asurb3\/wp-content\/uploads\/2016\/05\/Africultures.jpg?fit=150%2C31&amp;ssl=1\" class=\"alignleft size-full wp-image-892\" src=\"https:\/\/i0.wp.com\/asurb.com\/asurb3\/wp-content\/uploads\/2016\/05\/Africultures.jpg?resize=150%2C31\" alt=\"Africultures\" width=\"150\" height=\"31\" srcset=\"https:\/\/i0.wp.com\/asurb.com\/asurb3\/wp-content\/uploads\/2016\/05\/Africultures.jpg?w=150&amp;ssl=1 150w, https:\/\/i0.wp.com\/asurb.com\/asurb3\/wp-content\/uploads\/2016\/05\/Africultures.jpg?resize=100%2C21&amp;ssl=1 100w\" sizes=\"auto, (max-width: 150px) 100vw, 150px\" \/><\/a><\/p>\n<p><a href=\"http:\/\/africultures.com\">www.africultures.com<\/a><br \/>\n<em>Un site enti\u00e8rement consacr\u00e9 aux cultures et expressions artistiques africaines.<\/em><\/p>\n<p><em><img data-recalc-dims=\"1\" loading=\"lazy\" decoding=\"async\" data-attachment-id=\"4495\" data-permalink=\"https:\/\/asurb.com\/asurb3\/?attachment_id=4495\" data-orig-file=\"https:\/\/i0.wp.com\/asurb.com\/asurb3\/wp-content\/uploads\/2025\/01\/cropped-Logo-FESPACO-2025-02.png?fit=1586%2C750&amp;ssl=1\" data-orig-size=\"1586,750\" data-comments-opened=\"1\" data-image-meta=\"{&quot;aperture&quot;:&quot;0&quot;,&quot;credit&quot;:&quot;&quot;,&quot;camera&quot;:&quot;&quot;,&quot;caption&quot;:&quot;&quot;,&quot;created_timestamp&quot;:&quot;0&quot;,&quot;copyright&quot;:&quot;&quot;,&quot;focal_length&quot;:&quot;0&quot;,&quot;iso&quot;:&quot;0&quot;,&quot;shutter_speed&quot;:&quot;0&quot;,&quot;title&quot;:&quot;&quot;,&quot;orientation&quot;:&quot;0&quot;}\" data-image-title=\"cropped-Logo-FESPACO-2025-02\" data-image-description=\"\" data-image-caption=\"\" data-large-file=\"https:\/\/i0.wp.com\/asurb.com\/asurb3\/wp-content\/uploads\/2025\/01\/cropped-Logo-FESPACO-2025-02.png?fit=900%2C425&amp;ssl=1\" class=\" wp-image-4495 alignleft\" src=\"https:\/\/i0.wp.com\/asurb.com\/asurb3\/wp-content\/uploads\/2025\/01\/cropped-Logo-FESPACO-2025-02.png?resize=142%2C67&#038;ssl=1\" alt=\"\" width=\"142\" height=\"67\" srcset=\"https:\/\/i0.wp.com\/asurb.com\/asurb3\/wp-content\/uploads\/2025\/01\/cropped-Logo-FESPACO-2025-02.png?resize=300%2C142&amp;ssl=1 300w, https:\/\/i0.wp.com\/asurb.com\/asurb3\/wp-content\/uploads\/2025\/01\/cropped-Logo-FESPACO-2025-02.png?resize=1024%2C484&amp;ssl=1 1024w, https:\/\/i0.wp.com\/asurb.com\/asurb3\/wp-content\/uploads\/2025\/01\/cropped-Logo-FESPACO-2025-02.png?resize=100%2C47&amp;ssl=1 100w, https:\/\/i0.wp.com\/asurb.com\/asurb3\/wp-content\/uploads\/2025\/01\/cropped-Logo-FESPACO-2025-02.png?resize=600%2C284&amp;ssl=1 600w, https:\/\/i0.wp.com\/asurb.com\/asurb3\/wp-content\/uploads\/2025\/01\/cropped-Logo-FESPACO-2025-02.png?resize=1536%2C726&amp;ssl=1 1536w, https:\/\/i0.wp.com\/asurb.com\/asurb3\/wp-content\/uploads\/2025\/01\/cropped-Logo-FESPACO-2025-02.png?resize=1320%2C624&amp;ssl=1 1320w, https:\/\/i0.wp.com\/asurb.com\/asurb3\/wp-content\/uploads\/2025\/01\/cropped-Logo-FESPACO-2025-02.png?w=1586&amp;ssl=1 1586w\" sizes=\"auto, (max-width: 142px) 100vw, 142px\" \/><\/em><\/p>\n<p><a href=\"http:\/\/www.fespaco.bf\"><em>www.fespaco.bf<\/em><\/a><br \/>\nFestival panafricain du cin\u00e9ma et de la t\u00e9l\u00e9vision de Ouagadougou ( Burkina Faso ) qui \u00e0 lieu tous les 2 ans (ann\u00e9es impaires).<\/p>\n<p><img data-recalc-dims=\"1\" loading=\"lazy\" decoding=\"async\" data-attachment-id=\"4847\" data-permalink=\"https:\/\/asurb.com\/asurb3\/?attachment_id=4847\" data-orig-file=\"https:\/\/i0.wp.com\/asurb.com\/asurb3\/wp-content\/uploads\/2025\/11\/images.jpg?fit=225%2C225&amp;ssl=1\" data-orig-size=\"225,225\" data-comments-opened=\"1\" data-image-meta=\"{&quot;aperture&quot;:&quot;0&quot;,&quot;credit&quot;:&quot;&quot;,&quot;camera&quot;:&quot;&quot;,&quot;caption&quot;:&quot;&quot;,&quot;created_timestamp&quot;:&quot;0&quot;,&quot;copyright&quot;:&quot;&quot;,&quot;focal_length&quot;:&quot;0&quot;,&quot;iso&quot;:&quot;0&quot;,&quot;shutter_speed&quot;:&quot;0&quot;,&quot;title&quot;:&quot;&quot;,&quot;orientation&quot;:&quot;0&quot;}\" data-image-title=\"images\" data-image-description=\"\" data-image-caption=\"\" data-large-file=\"https:\/\/i0.wp.com\/asurb.com\/asurb3\/wp-content\/uploads\/2025\/11\/images.jpg?fit=225%2C225&amp;ssl=1\" class=\"wp-image-4847 alignleft\" src=\"https:\/\/i0.wp.com\/asurb.com\/asurb3\/wp-content\/uploads\/2025\/11\/images.jpg?resize=122%2C122&#038;ssl=1\" alt=\"\" width=\"122\" height=\"122\" srcset=\"https:\/\/i0.wp.com\/asurb.com\/asurb3\/wp-content\/uploads\/2025\/11\/images.jpg?w=225&amp;ssl=1 225w, https:\/\/i0.wp.com\/asurb.com\/asurb3\/wp-content\/uploads\/2025\/11\/images.jpg?resize=100%2C100&amp;ssl=1 100w\" sizes=\"auto, (max-width: 122px) 100vw, 122px\" \/>Cr\u00e9\u00e9 en 2010, en pays de Marennes Ol\u00e9ron, par les associations Afriques en sc\u00e8ne et le Local, sous l\u2019impulsion de G\u00e9rard La Cognata, le festival <em>Visions d\u2019Afrique<\/em>, nous offre chaque ann\u00e9e de nouvelles d\u00e9couvertes, de nouveaux cin\u00e9astes, de nouvelles \u00e9critures, de tout le continent africain.<br \/>\n<a href=\"http:\/\/www.visionsdafrique.fr\">www.visionsdafrique.fr<\/a><\/p>\n<p><a href=\"https:\/\/i0.wp.com\/asurb.com\/asurb3\/wp-content\/uploads\/2016\/05\/Lumieres-d-Afrique.jpg\"><img data-recalc-dims=\"1\" loading=\"lazy\" decoding=\"async\" data-attachment-id=\"907\" data-permalink=\"https:\/\/asurb.com\/asurb3\/?attachment_id=907\" data-orig-file=\"https:\/\/i0.wp.com\/asurb.com\/asurb3\/wp-content\/uploads\/2016\/05\/Lumieres-d-Afrique.jpg?fit=150%2C68&amp;ssl=1\" data-orig-size=\"150,68\" data-comments-opened=\"1\" data-image-meta=\"{&quot;aperture&quot;:&quot;0&quot;,&quot;credit&quot;:&quot;&quot;,&quot;camera&quot;:&quot;&quot;,&quot;caption&quot;:&quot;&quot;,&quot;created_timestamp&quot;:&quot;0&quot;,&quot;copyright&quot;:&quot;&quot;,&quot;focal_length&quot;:&quot;0&quot;,&quot;iso&quot;:&quot;0&quot;,&quot;shutter_speed&quot;:&quot;0&quot;,&quot;title&quot;:&quot;&quot;,&quot;orientation&quot;:&quot;0&quot;}\" data-image-title=\"Lumieres-d-Afrique\" data-image-description=\"\" data-image-caption=\"\" data-large-file=\"https:\/\/i0.wp.com\/asurb.com\/asurb3\/wp-content\/uploads\/2016\/05\/Lumieres-d-Afrique.jpg?fit=150%2C68&amp;ssl=1\" class=\"alignleft size-full wp-image-907\" src=\"https:\/\/i0.wp.com\/asurb.com\/asurb3\/wp-content\/uploads\/2016\/05\/Lumieres-d-Afrique.jpg?resize=150%2C68\" alt=\"Lumieres-d-Afrique\" width=\"150\" height=\"68\" srcset=\"https:\/\/i0.wp.com\/asurb.com\/asurb3\/wp-content\/uploads\/2016\/05\/Lumieres-d-Afrique.jpg?w=150&amp;ssl=1 150w, https:\/\/i0.wp.com\/asurb.com\/asurb3\/wp-content\/uploads\/2016\/05\/Lumieres-d-Afrique.jpg?resize=100%2C45&amp;ssl=1 100w\" sizes=\"auto, (max-width: 150px) 100vw, 150px\" \/><\/a><\/p>\n<p><a href=\"http:\/\/lumieresdafrique.com\">www.lumieresdafrique.com<\/a><br \/>\nUn festival qui participe \u00e0 la promotion des arts et cultures d\u2019Afrique \u00e0 Besan\u00e7on.<\/p>\n<p><a href=\"https:\/\/i0.wp.com\/asurb.com\/asurb3\/wp-content\/uploads\/2016\/05\/Angers.jpg\"><img data-recalc-dims=\"1\" loading=\"lazy\" decoding=\"async\" data-attachment-id=\"895\" data-permalink=\"https:\/\/asurb.com\/asurb3\/?attachment_id=895\" data-orig-file=\"https:\/\/i0.wp.com\/asurb.com\/asurb3\/wp-content\/uploads\/2016\/05\/Angers.jpg?fit=150%2C75&amp;ssl=1\" data-orig-size=\"150,75\" data-comments-opened=\"1\" data-image-meta=\"{&quot;aperture&quot;:&quot;0&quot;,&quot;credit&quot;:&quot;&quot;,&quot;camera&quot;:&quot;&quot;,&quot;caption&quot;:&quot;&quot;,&quot;created_timestamp&quot;:&quot;0&quot;,&quot;copyright&quot;:&quot;&quot;,&quot;focal_length&quot;:&quot;0&quot;,&quot;iso&quot;:&quot;0&quot;,&quot;shutter_speed&quot;:&quot;0&quot;,&quot;title&quot;:&quot;&quot;,&quot;orientation&quot;:&quot;0&quot;}\" data-image-title=\"Angers\" data-image-description=\"\" data-image-caption=\"\" data-large-file=\"https:\/\/i0.wp.com\/asurb.com\/asurb3\/wp-content\/uploads\/2016\/05\/Angers.jpg?fit=150%2C75&amp;ssl=1\" class=\"alignleft size-full wp-image-895\" src=\"https:\/\/i0.wp.com\/asurb.com\/asurb3\/wp-content\/uploads\/2016\/05\/Angers.jpg?resize=150%2C75\" alt=\"Angers\" width=\"150\" height=\"75\" srcset=\"https:\/\/i0.wp.com\/asurb.com\/asurb3\/wp-content\/uploads\/2016\/05\/Angers.jpg?w=150&amp;ssl=1 150w, https:\/\/i0.wp.com\/asurb.com\/asurb3\/wp-content\/uploads\/2016\/05\/Angers.jpg?resize=100%2C50&amp;ssl=1 100w\" sizes=\"auto, (max-width: 150px) 100vw, 150px\" \/><\/a><\/p>\n<p><a href=\"http:\/\/cinemasdafrique.asso.fr\">www.cinemasdafrique.asso.fr<\/a><br \/>\nTous les deux ans, ann\u00e9es impaires, l\u2019association Cin\u00e9ma et Cultures d\u2019Afrique organise un festival \u00e0 Angers.<\/p>\n<p><a href=\"https:\/\/i0.wp.com\/asurb.com\/asurb3\/wp-content\/uploads\/2016\/05\/Sainte-foy.jpg\"><img data-recalc-dims=\"1\" loading=\"lazy\" decoding=\"async\" data-attachment-id=\"909\" data-permalink=\"https:\/\/asurb.com\/asurb3\/?attachment_id=909\" data-orig-file=\"https:\/\/i0.wp.com\/asurb.com\/asurb3\/wp-content\/uploads\/2016\/05\/Sainte-foy.jpg?fit=150%2C57&amp;ssl=1\" data-orig-size=\"150,57\" data-comments-opened=\"1\" data-image-meta=\"{&quot;aperture&quot;:&quot;0&quot;,&quot;credit&quot;:&quot;&quot;,&quot;camera&quot;:&quot;&quot;,&quot;caption&quot;:&quot;&quot;,&quot;created_timestamp&quot;:&quot;0&quot;,&quot;copyright&quot;:&quot;&quot;,&quot;focal_length&quot;:&quot;0&quot;,&quot;iso&quot;:&quot;0&quot;,&quot;shutter_speed&quot;:&quot;0&quot;,&quot;title&quot;:&quot;&quot;,&quot;orientation&quot;:&quot;0&quot;}\" data-image-title=\"Sainte-foy\" data-image-description=\"\" data-image-caption=\"\" data-large-file=\"https:\/\/i0.wp.com\/asurb.com\/asurb3\/wp-content\/uploads\/2016\/05\/Sainte-foy.jpg?fit=150%2C57&amp;ssl=1\" class=\"alignleft size-full wp-image-909\" src=\"https:\/\/i0.wp.com\/asurb.com\/asurb3\/wp-content\/uploads\/2016\/05\/Sainte-foy.jpg?resize=150%2C57\" alt=\"Sainte-foy\" width=\"150\" height=\"57\" srcset=\"https:\/\/i0.wp.com\/asurb.com\/asurb3\/wp-content\/uploads\/2016\/05\/Sainte-foy.jpg?w=150&amp;ssl=1 150w, https:\/\/i0.wp.com\/asurb.com\/asurb3\/wp-content\/uploads\/2016\/05\/Sainte-foy.jpg?resize=100%2C38&amp;ssl=1 100w\" sizes=\"auto, (max-width: 150px) 100vw, 150px\" \/><\/a><\/p>\n<p><a href=\"http:\/\/caravanedescinemasdafrique.com\">www.caravanedescinemasdafrique.com<\/a><br \/>\nA Sainte-Foy-l\u00e8s-Lyon, tous les deux ans, ann\u00e9es paires, un festival consacr\u00e9 aux cin\u00e9mas d\u2019Afrique.<\/p>\n<p><a href=\"https:\/\/i0.wp.com\/asurb.com\/asurb3\/wp-content\/uploads\/2016\/05\/Cine-Apt.jpg\"><img data-recalc-dims=\"1\" loading=\"lazy\" decoding=\"async\" data-attachment-id=\"897\" data-permalink=\"https:\/\/asurb.com\/asurb3\/?attachment_id=897\" data-orig-file=\"https:\/\/i0.wp.com\/asurb.com\/asurb3\/wp-content\/uploads\/2016\/05\/Cine-Apt.jpg?fit=150%2C87&amp;ssl=1\" data-orig-size=\"150,87\" data-comments-opened=\"1\" data-image-meta=\"{&quot;aperture&quot;:&quot;0&quot;,&quot;credit&quot;:&quot;&quot;,&quot;camera&quot;:&quot;&quot;,&quot;caption&quot;:&quot;&quot;,&quot;created_timestamp&quot;:&quot;0&quot;,&quot;copyright&quot;:&quot;&quot;,&quot;focal_length&quot;:&quot;0&quot;,&quot;iso&quot;:&quot;0&quot;,&quot;shutter_speed&quot;:&quot;0&quot;,&quot;title&quot;:&quot;&quot;,&quot;orientation&quot;:&quot;0&quot;}\" data-image-title=\"Cine-Apt\" data-image-description=\"\" data-image-caption=\"\" data-large-file=\"https:\/\/i0.wp.com\/asurb.com\/asurb3\/wp-content\/uploads\/2016\/05\/Cine-Apt.jpg?fit=150%2C87&amp;ssl=1\" class=\"alignleft size-full wp-image-897\" src=\"https:\/\/i0.wp.com\/asurb.com\/asurb3\/wp-content\/uploads\/2016\/05\/Cine-Apt.jpg?resize=150%2C87\" alt=\"Cine-Apt\" width=\"150\" height=\"87\" srcset=\"https:\/\/i0.wp.com\/asurb.com\/asurb3\/wp-content\/uploads\/2016\/05\/Cine-Apt.jpg?w=150&amp;ssl=1 150w, https:\/\/i0.wp.com\/asurb.com\/asurb3\/wp-content\/uploads\/2016\/05\/Cine-Apt.jpg?resize=100%2C58&amp;ssl=1 100w\" sizes=\"auto, (max-width: 150px) 100vw, 150px\" \/><\/a><\/p>\n<p><a href=\"http:\/\/africapt-festival.fr\">www.africapt-festival.fr<\/a><br \/>\nTous les ans, un festival de cin\u00e9ma africain au pays d\u2019Apt.<\/p>\n<p><a href=\"https:\/\/i0.wp.com\/asurb.com\/asurb3\/wp-content\/uploads\/2016\/05\/cine_bocage.jpg\"><img data-recalc-dims=\"1\" loading=\"lazy\" decoding=\"async\" data-attachment-id=\"896\" data-permalink=\"https:\/\/asurb.com\/asurb3\/?attachment_id=896\" data-orig-file=\"https:\/\/i0.wp.com\/asurb.com\/asurb3\/wp-content\/uploads\/2016\/05\/cine_bocage.jpg?fit=150%2C87&amp;ssl=1\" data-orig-size=\"150,87\" data-comments-opened=\"1\" data-image-meta=\"{&quot;aperture&quot;:&quot;0&quot;,&quot;credit&quot;:&quot;&quot;,&quot;camera&quot;:&quot;&quot;,&quot;caption&quot;:&quot;&quot;,&quot;created_timestamp&quot;:&quot;0&quot;,&quot;copyright&quot;:&quot;&quot;,&quot;focal_length&quot;:&quot;0&quot;,&quot;iso&quot;:&quot;0&quot;,&quot;shutter_speed&quot;:&quot;0&quot;,&quot;title&quot;:&quot;&quot;,&quot;orientation&quot;:&quot;1&quot;}\" data-image-title=\"cine_bocage\" data-image-description=\"\" data-image-caption=\"\" data-large-file=\"https:\/\/i0.wp.com\/asurb.com\/asurb3\/wp-content\/uploads\/2016\/05\/cine_bocage.jpg?fit=150%2C87&amp;ssl=1\" class=\"alignleft size-full wp-image-896\" src=\"https:\/\/i0.wp.com\/asurb.com\/asurb3\/wp-content\/uploads\/2016\/05\/cine_bocage.jpg?resize=150%2C87\" alt=\"cine_bocage\" width=\"150\" height=\"87\" srcset=\"https:\/\/i0.wp.com\/asurb.com\/asurb3\/wp-content\/uploads\/2016\/05\/cine_bocage.jpg?w=150&amp;ssl=1 150w, https:\/\/i0.wp.com\/asurb.com\/asurb3\/wp-content\/uploads\/2016\/05\/cine_bocage.jpg?resize=100%2C58&amp;ssl=1 100w\" sizes=\"auto, (max-width: 150px) 100vw, 150px\" \/><\/a><\/p>\n<p><a href=\"http:\/\/cinebocage.com\">www.cinebocage.com<\/a><br \/>\nEn Allier, tous les deux ans, ann\u00e9es paires, un festival se d\u00e9roule sur Dompierre, Gannat, Vichy et Moulins.<\/p>\n<p><a href=\"https:\/\/i0.wp.com\/asurb.com\/asurb3\/wp-content\/uploads\/2016\/05\/3continents.jpg\"><img data-recalc-dims=\"1\" loading=\"lazy\" decoding=\"async\" data-attachment-id=\"890\" data-permalink=\"https:\/\/asurb.com\/asurb3\/?attachment_id=890\" data-orig-file=\"https:\/\/i0.wp.com\/asurb.com\/asurb3\/wp-content\/uploads\/2016\/05\/3continents.jpg?fit=150%2C105&amp;ssl=1\" data-orig-size=\"150,105\" data-comments-opened=\"1\" data-image-meta=\"{&quot;aperture&quot;:&quot;0&quot;,&quot;credit&quot;:&quot;&quot;,&quot;camera&quot;:&quot;&quot;,&quot;caption&quot;:&quot;&quot;,&quot;created_timestamp&quot;:&quot;0&quot;,&quot;copyright&quot;:&quot;&quot;,&quot;focal_length&quot;:&quot;0&quot;,&quot;iso&quot;:&quot;0&quot;,&quot;shutter_speed&quot;:&quot;0&quot;,&quot;title&quot;:&quot;&quot;,&quot;orientation&quot;:&quot;0&quot;}\" data-image-title=\"3continents\" data-image-description=\"\" data-image-caption=\"\" data-large-file=\"https:\/\/i0.wp.com\/asurb.com\/asurb3\/wp-content\/uploads\/2016\/05\/3continents.jpg?fit=150%2C105&amp;ssl=1\" class=\"alignleft size-full wp-image-890\" src=\"https:\/\/i0.wp.com\/asurb.com\/asurb3\/wp-content\/uploads\/2016\/05\/3continents.jpg?resize=150%2C105\" alt=\"3continents\" width=\"150\" height=\"105\" srcset=\"https:\/\/i0.wp.com\/asurb.com\/asurb3\/wp-content\/uploads\/2016\/05\/3continents.jpg?w=150&amp;ssl=1 150w, https:\/\/i0.wp.com\/asurb.com\/asurb3\/wp-content\/uploads\/2016\/05\/3continents.jpg?resize=100%2C70&amp;ssl=1 100w\" sizes=\"auto, (max-width: 150px) 100vw, 150px\" \/><\/a><\/p>\n<p><a href=\"http:\/\/3continents.com\">www.3continents.com<\/a><br \/>\nA Nantes, tous les ans, le festival des trois continents fait une large place aux films africains.<\/p>\n<p><a href=\"https:\/\/i0.wp.com\/asurb.com\/asurb3\/wp-content\/uploads\/2016\/05\/Amiens.jpg\"><img data-recalc-dims=\"1\" loading=\"lazy\" decoding=\"async\" data-attachment-id=\"894\" data-permalink=\"https:\/\/asurb.com\/asurb3\/?attachment_id=894\" data-orig-file=\"https:\/\/i0.wp.com\/asurb.com\/asurb3\/wp-content\/uploads\/2016\/05\/Amiens.jpg?fit=150%2C51&amp;ssl=1\" data-orig-size=\"150,51\" data-comments-opened=\"1\" data-image-meta=\"{&quot;aperture&quot;:&quot;0&quot;,&quot;credit&quot;:&quot;&quot;,&quot;camera&quot;:&quot;&quot;,&quot;caption&quot;:&quot;&quot;,&quot;created_timestamp&quot;:&quot;0&quot;,&quot;copyright&quot;:&quot;&quot;,&quot;focal_length&quot;:&quot;0&quot;,&quot;iso&quot;:&quot;0&quot;,&quot;shutter_speed&quot;:&quot;0&quot;,&quot;title&quot;:&quot;&quot;,&quot;orientation&quot;:&quot;0&quot;}\" data-image-title=\"Amiens\" data-image-description=\"\" data-image-caption=\"\" data-large-file=\"https:\/\/i0.wp.com\/asurb.com\/asurb3\/wp-content\/uploads\/2016\/05\/Amiens.jpg?fit=150%2C51&amp;ssl=1\" class=\"alignleft size-full wp-image-894\" src=\"https:\/\/i0.wp.com\/asurb.com\/asurb3\/wp-content\/uploads\/2016\/05\/Amiens.jpg?resize=150%2C51\" alt=\"Amiens\" width=\"150\" height=\"51\" srcset=\"https:\/\/i0.wp.com\/asurb.com\/asurb3\/wp-content\/uploads\/2016\/05\/Amiens.jpg?w=150&amp;ssl=1 150w, https:\/\/i0.wp.com\/asurb.com\/asurb3\/wp-content\/uploads\/2016\/05\/Amiens.jpg?resize=100%2C34&amp;ssl=1 100w\" sizes=\"auto, (max-width: 150px) 100vw, 150px\" \/><\/a><\/p>\n<p><a href=\"http:\/\/filmfestamiens.org\">www.filmfestamiens.org<\/a><br \/>\nTous les ans, le festival international du film \u00e0 Amiens, donne une large place au cin\u00e9ma africain.<\/p>\n<p><a href=\"https:\/\/i0.wp.com\/asurb.com\/asurb3\/wp-content\/uploads\/2016\/05\/Maghreb.jpg\"><img data-recalc-dims=\"1\" loading=\"lazy\" decoding=\"async\" data-attachment-id=\"908\" data-permalink=\"https:\/\/asurb.com\/asurb3\/?attachment_id=908\" data-orig-file=\"https:\/\/i0.wp.com\/asurb.com\/asurb3\/wp-content\/uploads\/2016\/05\/Maghreb.jpg?fit=150%2C130&amp;ssl=1\" data-orig-size=\"150,130\" data-comments-opened=\"1\" data-image-meta=\"{&quot;aperture&quot;:&quot;0&quot;,&quot;credit&quot;:&quot;&quot;,&quot;camera&quot;:&quot;&quot;,&quot;caption&quot;:&quot;&quot;,&quot;created_timestamp&quot;:&quot;0&quot;,&quot;copyright&quot;:&quot;&quot;,&quot;focal_length&quot;:&quot;0&quot;,&quot;iso&quot;:&quot;0&quot;,&quot;shutter_speed&quot;:&quot;0&quot;,&quot;title&quot;:&quot;&quot;,&quot;orientation&quot;:&quot;0&quot;}\" data-image-title=\"Maghreb\" data-image-description=\"\" data-image-caption=\"\" data-large-file=\"https:\/\/i0.wp.com\/asurb.com\/asurb3\/wp-content\/uploads\/2016\/05\/Maghreb.jpg?fit=150%2C130&amp;ssl=1\" class=\"alignleft size-full wp-image-908\" src=\"https:\/\/i0.wp.com\/asurb.com\/asurb3\/wp-content\/uploads\/2016\/05\/Maghreb.jpg?resize=150%2C130\" alt=\"Maghreb\" width=\"150\" height=\"130\" srcset=\"https:\/\/i0.wp.com\/asurb.com\/asurb3\/wp-content\/uploads\/2016\/05\/Maghreb.jpg?w=150&amp;ssl=1 150w, https:\/\/i0.wp.com\/asurb.com\/asurb3\/wp-content\/uploads\/2016\/05\/Maghreb.jpg?resize=100%2C87&amp;ssl=1 100w\" sizes=\"auto, (max-width: 150px) 100vw, 150px\" \/><\/a><\/p>\n<p><a href=\"http:\/\/maghrebdesfilms.fr\/\">https:\/\/i0.wp.com\/maghrebdesfilms.fr\/<\/a><br \/>\nRencontres cin\u00e9matographiques de films du Maghreb dans plusieurs villes de la r\u00e9gion parisienne.<\/p>\n<p><a href=\"https:\/\/i0.wp.com\/asurb.com\/asurb3\/wp-content\/uploads\/2016\/05\/Wallonie-B.jpg\"><img data-recalc-dims=\"1\" loading=\"lazy\" decoding=\"async\" data-attachment-id=\"910\" data-permalink=\"https:\/\/asurb.com\/asurb3\/?attachment_id=910\" data-orig-file=\"https:\/\/i0.wp.com\/asurb.com\/asurb3\/wp-content\/uploads\/2016\/05\/Wallonie-B.jpg?fit=150%2C150&amp;ssl=1\" data-orig-size=\"150,150\" data-comments-opened=\"1\" data-image-meta=\"{&quot;aperture&quot;:&quot;0&quot;,&quot;credit&quot;:&quot;&quot;,&quot;camera&quot;:&quot;&quot;,&quot;caption&quot;:&quot;&quot;,&quot;created_timestamp&quot;:&quot;0&quot;,&quot;copyright&quot;:&quot;&quot;,&quot;focal_length&quot;:&quot;0&quot;,&quot;iso&quot;:&quot;0&quot;,&quot;shutter_speed&quot;:&quot;0&quot;,&quot;title&quot;:&quot;&quot;,&quot;orientation&quot;:&quot;0&quot;}\" data-image-title=\"Wallonie-B\" data-image-description=\"\" data-image-caption=\"\" data-large-file=\"https:\/\/i0.wp.com\/asurb.com\/asurb3\/wp-content\/uploads\/2016\/05\/Wallonie-B.jpg?fit=150%2C150&amp;ssl=1\" class=\"alignleft size-full wp-image-910\" src=\"https:\/\/i0.wp.com\/asurb.com\/asurb3\/wp-content\/uploads\/2016\/05\/Wallonie-B.jpg?resize=150%2C150\" alt=\"Wallonie-B\" width=\"150\" height=\"150\" srcset=\"https:\/\/i0.wp.com\/asurb.com\/asurb3\/wp-content\/uploads\/2016\/05\/Wallonie-B.jpg?w=150&amp;ssl=1 150w, https:\/\/i0.wp.com\/asurb.com\/asurb3\/wp-content\/uploads\/2016\/05\/Wallonie-B.jpg?resize=100%2C100&amp;ssl=1 100w\" sizes=\"auto, (max-width: 150px) 100vw, 150px\" \/><\/a><\/p>\n<p><a href=\"http:\/\/cwb.fr\">www.cwb.fr<\/a><br \/>\nLe site du centre culturel belge francophone, organisateur tous les ans, \u00e0 Paris en octobre, de la quinzaine du cin\u00e9ma francophone.<\/p>\n<p><a href=\"https:\/\/i0.wp.com\/asurb.com\/asurb3\/wp-content\/uploads\/2016\/05\/Afrika.jpg\"><img data-recalc-dims=\"1\" loading=\"lazy\" decoding=\"async\" data-attachment-id=\"893\" data-permalink=\"https:\/\/asurb.com\/asurb3\/?attachment_id=893\" data-orig-file=\"https:\/\/i0.wp.com\/asurb.com\/asurb3\/wp-content\/uploads\/2016\/05\/Afrika.jpg?fit=150%2C92&amp;ssl=1\" data-orig-size=\"150,92\" data-comments-opened=\"1\" data-image-meta=\"{&quot;aperture&quot;:&quot;0&quot;,&quot;credit&quot;:&quot;&quot;,&quot;camera&quot;:&quot;&quot;,&quot;caption&quot;:&quot;&quot;,&quot;created_timestamp&quot;:&quot;0&quot;,&quot;copyright&quot;:&quot;&quot;,&quot;focal_length&quot;:&quot;0&quot;,&quot;iso&quot;:&quot;0&quot;,&quot;shutter_speed&quot;:&quot;0&quot;,&quot;title&quot;:&quot;&quot;,&quot;orientation&quot;:&quot;0&quot;}\" data-image-title=\"Afrika\" data-image-description=\"\" data-image-caption=\"\" data-large-file=\"https:\/\/i0.wp.com\/asurb.com\/asurb3\/wp-content\/uploads\/2016\/05\/Afrika.jpg?fit=150%2C92&amp;ssl=1\" class=\"alignleft size-full wp-image-893\" src=\"https:\/\/i0.wp.com\/asurb.com\/asurb3\/wp-content\/uploads\/2016\/05\/Afrika.jpg?resize=150%2C92\" alt=\"Afrika\" width=\"150\" height=\"92\" srcset=\"https:\/\/i0.wp.com\/asurb.com\/asurb3\/wp-content\/uploads\/2016\/05\/Afrika.jpg?w=150&amp;ssl=1 150w, https:\/\/i0.wp.com\/asurb.com\/asurb3\/wp-content\/uploads\/2016\/05\/Afrika.jpg?resize=100%2C61&amp;ssl=1 100w\" sizes=\"auto, (max-width: 150px) 100vw, 150px\" \/><\/a><\/p>\n<p><a href=\"http:\/\/afrikafilmfestival.be\/#!\/fr\/\">http:\/\/afrikafilmfestival.be\/#!\/fr\/<\/a><\/p>\n<p>Des fictions et des documentaires africains in\u00e9dits.<\/p>\n<p><a href=\"https:\/\/i0.wp.com\/asurb.com\/asurb3\/wp-content\/uploads\/2016\/05\/CNA.jpg\"><img data-recalc-dims=\"1\" loading=\"lazy\" decoding=\"async\" data-attachment-id=\"904\" data-permalink=\"https:\/\/asurb.com\/asurb3\/?attachment_id=904\" data-orig-file=\"https:\/\/i0.wp.com\/asurb.com\/asurb3\/wp-content\/uploads\/2016\/05\/CNA.jpg?fit=150%2C103&amp;ssl=1\" data-orig-size=\"150,103\" data-comments-opened=\"1\" data-image-meta=\"{&quot;aperture&quot;:&quot;0&quot;,&quot;credit&quot;:&quot;&quot;,&quot;camera&quot;:&quot;&quot;,&quot;caption&quot;:&quot;&quot;,&quot;created_timestamp&quot;:&quot;0&quot;,&quot;copyright&quot;:&quot;&quot;,&quot;focal_length&quot;:&quot;0&quot;,&quot;iso&quot;:&quot;0&quot;,&quot;shutter_speed&quot;:&quot;0&quot;,&quot;title&quot;:&quot;&quot;,&quot;orientation&quot;:&quot;0&quot;}\" data-image-title=\"CNA\" data-image-description=\"\" data-image-caption=\"\" data-large-file=\"https:\/\/i0.wp.com\/asurb.com\/asurb3\/wp-content\/uploads\/2016\/05\/CNA.jpg?fit=150%2C103&amp;ssl=1\" class=\"alignleft size-full wp-image-904\" src=\"https:\/\/i0.wp.com\/asurb.com\/asurb3\/wp-content\/uploads\/2016\/05\/CNA.jpg?resize=150%2C103\" alt=\"CNA\" width=\"150\" height=\"103\" srcset=\"https:\/\/i0.wp.com\/asurb.com\/asurb3\/wp-content\/uploads\/2016\/05\/CNA.jpg?w=150&amp;ssl=1 150w, https:\/\/i0.wp.com\/asurb.com\/asurb3\/wp-content\/uploads\/2016\/05\/CNA.jpg?resize=100%2C69&amp;ssl=1 100w\" sizes=\"auto, (max-width: 150px) 100vw, 150px\" \/><\/a><\/p>\n<p><a href=\"http:\/\/c-n-a.org\">www.c-n-a.org<\/a><\/p>\n<p>Le Cin\u00e9ma Num\u00e9rique Ambulant parcourt le B\u00e9nin, le Burkina Faso, le Niger et le Mali pour projeter des films jusque dans les r\u00e9gions les plus enclav\u00e9es.<\/p>\n<p><a href=\"https:\/\/i0.wp.com\/asurb.com\/asurb3\/wp-content\/uploads\/2016\/05\/Africavivre.jpg\"><img data-recalc-dims=\"1\" loading=\"lazy\" decoding=\"async\" data-attachment-id=\"901\" data-permalink=\"https:\/\/asurb.com\/asurb3\/?attachment_id=901\" data-orig-file=\"https:\/\/i0.wp.com\/asurb.com\/asurb3\/wp-content\/uploads\/2016\/05\/Africavivre.jpg?fit=150%2C31&amp;ssl=1\" data-orig-size=\"150,31\" data-comments-opened=\"1\" data-image-meta=\"{&quot;aperture&quot;:&quot;0&quot;,&quot;credit&quot;:&quot;&quot;,&quot;camera&quot;:&quot;&quot;,&quot;caption&quot;:&quot;&quot;,&quot;created_timestamp&quot;:&quot;0&quot;,&quot;copyright&quot;:&quot;&quot;,&quot;focal_length&quot;:&quot;0&quot;,&quot;iso&quot;:&quot;0&quot;,&quot;shutter_speed&quot;:&quot;0&quot;,&quot;title&quot;:&quot;&quot;,&quot;orientation&quot;:&quot;0&quot;}\" data-image-title=\"Africavivre\" data-image-description=\"\" data-image-caption=\"\" data-large-file=\"https:\/\/i0.wp.com\/asurb.com\/asurb3\/wp-content\/uploads\/2016\/05\/Africavivre.jpg?fit=150%2C31&amp;ssl=1\" class=\"alignleft size-full wp-image-901\" src=\"https:\/\/i0.wp.com\/asurb.com\/asurb3\/wp-content\/uploads\/2016\/05\/Africavivre.jpg?resize=150%2C31\" alt=\"Africavivre\" width=\"150\" height=\"31\" srcset=\"https:\/\/i0.wp.com\/asurb.com\/asurb3\/wp-content\/uploads\/2016\/05\/Africavivre.jpg?w=150&amp;ssl=1 150w, https:\/\/i0.wp.com\/asurb.com\/asurb3\/wp-content\/uploads\/2016\/05\/Africavivre.jpg?resize=100%2C21&amp;ssl=1 100w\" sizes=\"auto, (max-width: 150px) 100vw, 150px\" \/><\/a><\/p>\n<p><a href=\"http:\/\/africavivre.com\/\">https:\/\/i0.wp.com\/africavivre.com\/<\/a><br \/>\nUn coup de projecteur sur l&rsquo;actualit\u00e9 culturelle africaine, cin\u00e9matographique,litt\u00e9raire,musicale.<\/p>\n<p><a href=\"https:\/\/i0.wp.com\/asurb.com\/asurb3\/wp-content\/uploads\/2016\/05\/Africa-Doc.jpg\"><img data-recalc-dims=\"1\" loading=\"lazy\" decoding=\"async\" data-attachment-id=\"891\" data-permalink=\"https:\/\/asurb.com\/asurb3\/?attachment_id=891\" data-orig-file=\"https:\/\/i0.wp.com\/asurb.com\/asurb3\/wp-content\/uploads\/2016\/05\/Africa-Doc.jpg?fit=150%2C73&amp;ssl=1\" data-orig-size=\"150,73\" data-comments-opened=\"1\" data-image-meta=\"{&quot;aperture&quot;:&quot;0&quot;,&quot;credit&quot;:&quot;&quot;,&quot;camera&quot;:&quot;&quot;,&quot;caption&quot;:&quot;&quot;,&quot;created_timestamp&quot;:&quot;0&quot;,&quot;copyright&quot;:&quot;&quot;,&quot;focal_length&quot;:&quot;0&quot;,&quot;iso&quot;:&quot;0&quot;,&quot;shutter_speed&quot;:&quot;0&quot;,&quot;title&quot;:&quot;&quot;,&quot;orientation&quot;:&quot;0&quot;}\" data-image-title=\"Africa-Doc\" data-image-description=\"\" data-image-caption=\"\" data-large-file=\"https:\/\/i0.wp.com\/asurb.com\/asurb3\/wp-content\/uploads\/2016\/05\/Africa-Doc.jpg?fit=150%2C73&amp;ssl=1\" class=\"alignleft size-full wp-image-891\" src=\"https:\/\/i0.wp.com\/asurb.com\/asurb3\/wp-content\/uploads\/2016\/05\/Africa-Doc.jpg?resize=150%2C73\" alt=\"Africa-Doc\" width=\"150\" height=\"73\" srcset=\"https:\/\/i0.wp.com\/asurb.com\/asurb3\/wp-content\/uploads\/2016\/05\/Africa-Doc.jpg?w=150&amp;ssl=1 150w, https:\/\/i0.wp.com\/asurb.com\/asurb3\/wp-content\/uploads\/2016\/05\/Africa-Doc.jpg?resize=100%2C49&amp;ssl=1 100w\" sizes=\"auto, (max-width: 150px) 100vw, 150px\" \/><\/a><\/p>\n<p><a href=\"http:\/\/lussasdoc.org\/\">https:\/\/i0.wp.com\/lussasdoc.org\/<\/a><br \/>\nSoutien le d\u00e9veloppement du documentaire africain : formations et rencontres professionnelles.<\/p>\n<p><a href=\"https:\/\/i0.wp.com\/asurb.com\/asurb3\/wp-content\/uploads\/2016\/05\/Clap-Noir.jpg\"><img data-recalc-dims=\"1\" loading=\"lazy\" decoding=\"async\" data-attachment-id=\"898\" data-permalink=\"https:\/\/asurb.com\/asurb3\/?attachment_id=898\" data-orig-file=\"https:\/\/i0.wp.com\/asurb.com\/asurb3\/wp-content\/uploads\/2016\/05\/Clap-Noir.jpg?fit=150%2C41&amp;ssl=1\" data-orig-size=\"150,41\" data-comments-opened=\"1\" data-image-meta=\"{&quot;aperture&quot;:&quot;0&quot;,&quot;credit&quot;:&quot;&quot;,&quot;camera&quot;:&quot;&quot;,&quot;caption&quot;:&quot;&quot;,&quot;created_timestamp&quot;:&quot;0&quot;,&quot;copyright&quot;:&quot;&quot;,&quot;focal_length&quot;:&quot;0&quot;,&quot;iso&quot;:&quot;0&quot;,&quot;shutter_speed&quot;:&quot;0&quot;,&quot;title&quot;:&quot;&quot;,&quot;orientation&quot;:&quot;0&quot;}\" data-image-title=\"Clap-Noir\" data-image-description=\"\" data-image-caption=\"\" data-large-file=\"https:\/\/i0.wp.com\/asurb.com\/asurb3\/wp-content\/uploads\/2016\/05\/Clap-Noir.jpg?fit=150%2C41&amp;ssl=1\" class=\"alignleft size-full wp-image-898\" src=\"https:\/\/i0.wp.com\/asurb.com\/asurb3\/wp-content\/uploads\/2016\/05\/Clap-Noir.jpg?resize=150%2C41\" alt=\"Clap-Noir\" width=\"150\" height=\"41\" srcset=\"https:\/\/i0.wp.com\/asurb.com\/asurb3\/wp-content\/uploads\/2016\/05\/Clap-Noir.jpg?w=150&amp;ssl=1 150w, https:\/\/i0.wp.com\/asurb.com\/asurb3\/wp-content\/uploads\/2016\/05\/Clap-Noir.jpg?resize=100%2C27&amp;ssl=1 100w\" sizes=\"auto, (max-width: 150px) 100vw, 150px\" \/><\/a><\/p>\n<p><a href=\"http:\/\/clapnoir.org\">www.clapnoir.org<\/a><\/p>\n<p>Un site consacr\u00e9 aux cin\u00e9mas et audiovisuels africains.<\/p>\n<p><a href=\"https:\/\/i0.wp.com\/asurb.com\/asurb3\/wp-content\/uploads\/2016\/05\/Dapper.jpg\"><img data-recalc-dims=\"1\" loading=\"lazy\" decoding=\"async\" data-attachment-id=\"899\" data-permalink=\"https:\/\/asurb.com\/asurb3\/?attachment_id=899\" data-orig-file=\"https:\/\/i0.wp.com\/asurb.com\/asurb3\/wp-content\/uploads\/2016\/05\/Dapper.jpg?fit=150%2C65&amp;ssl=1\" data-orig-size=\"150,65\" data-comments-opened=\"1\" data-image-meta=\"{&quot;aperture&quot;:&quot;0&quot;,&quot;credit&quot;:&quot;&quot;,&quot;camera&quot;:&quot;&quot;,&quot;caption&quot;:&quot;&quot;,&quot;created_timestamp&quot;:&quot;0&quot;,&quot;copyright&quot;:&quot;&quot;,&quot;focal_length&quot;:&quot;0&quot;,&quot;iso&quot;:&quot;0&quot;,&quot;shutter_speed&quot;:&quot;0&quot;,&quot;title&quot;:&quot;&quot;,&quot;orientation&quot;:&quot;0&quot;}\" data-image-title=\"Dapper\" data-image-description=\"\" data-image-caption=\"\" data-large-file=\"https:\/\/i0.wp.com\/asurb.com\/asurb3\/wp-content\/uploads\/2016\/05\/Dapper.jpg?fit=150%2C65&amp;ssl=1\" class=\"alignleft size-full wp-image-899\" src=\"https:\/\/i0.wp.com\/asurb.com\/asurb3\/wp-content\/uploads\/2016\/05\/Dapper.jpg?resize=150%2C65\" alt=\"Dapper\" width=\"150\" height=\"65\" srcset=\"https:\/\/i0.wp.com\/asurb.com\/asurb3\/wp-content\/uploads\/2016\/05\/Dapper.jpg?w=150&amp;ssl=1 150w, https:\/\/i0.wp.com\/asurb.com\/asurb3\/wp-content\/uploads\/2016\/05\/Dapper.jpg?resize=100%2C43&amp;ssl=1 100w\" sizes=\"auto, (max-width: 150px) 100vw, 150px\" \/><\/a><\/p>\n<p><a href=\"http:\/\/dapper.com.fr\">www.dapper.com.fr<\/a><br \/>\nExpositions, ateliers, cin\u00e9ma, concerts pour promouvoir le patrimoine artistique de l&rsquo;Afrique subsaharienne.<\/p>\n<p><a href=\"https:\/\/i0.wp.com\/asurb.com\/asurb3\/wp-content\/uploads\/2016\/05\/Afriphotos.jpg\"><img data-recalc-dims=\"1\" loading=\"lazy\" decoding=\"async\" data-attachment-id=\"900\" data-permalink=\"https:\/\/asurb.com\/asurb3\/?attachment_id=900\" data-orig-file=\"https:\/\/i0.wp.com\/asurb.com\/asurb3\/wp-content\/uploads\/2016\/05\/Afriphotos.jpg?fit=150%2C39&amp;ssl=1\" data-orig-size=\"150,39\" data-comments-opened=\"1\" data-image-meta=\"{&quot;aperture&quot;:&quot;0&quot;,&quot;credit&quot;:&quot;&quot;,&quot;camera&quot;:&quot;&quot;,&quot;caption&quot;:&quot;&quot;,&quot;created_timestamp&quot;:&quot;0&quot;,&quot;copyright&quot;:&quot;&quot;,&quot;focal_length&quot;:&quot;0&quot;,&quot;iso&quot;:&quot;0&quot;,&quot;shutter_speed&quot;:&quot;0&quot;,&quot;title&quot;:&quot;&quot;,&quot;orientation&quot;:&quot;0&quot;}\" data-image-title=\"Afriphotos\" data-image-description=\"\" data-image-caption=\"\" data-large-file=\"https:\/\/i0.wp.com\/asurb.com\/asurb3\/wp-content\/uploads\/2016\/05\/Afriphotos.jpg?fit=150%2C39&amp;ssl=1\" class=\"alignleft size-full wp-image-900\" src=\"https:\/\/i0.wp.com\/asurb.com\/asurb3\/wp-content\/uploads\/2016\/05\/Afriphotos.jpg?resize=150%2C39\" alt=\"Afriphotos\" width=\"150\" height=\"39\" srcset=\"https:\/\/i0.wp.com\/asurb.com\/asurb3\/wp-content\/uploads\/2016\/05\/Afriphotos.jpg?w=150&amp;ssl=1 150w, https:\/\/i0.wp.com\/asurb.com\/asurb3\/wp-content\/uploads\/2016\/05\/Afriphotos.jpg?resize=100%2C26&amp;ssl=1 100w\" sizes=\"auto, (max-width: 150px) 100vw, 150px\" \/><\/a><\/p>\n<p><a href=\"http:\/\/afriphoto.com\">www.afriphoto.com<\/a><br \/>\nUne vitrine des photographes africains.<\/p>\n<p><a href=\"https:\/\/i0.wp.com\/asurb.com\/asurb3\/wp-content\/uploads\/2016\/05\/Afrique-in-visu.jpg\"><img data-recalc-dims=\"1\" loading=\"lazy\" decoding=\"async\" data-attachment-id=\"903\" data-permalink=\"https:\/\/asurb.com\/asurb3\/?attachment_id=903\" data-orig-file=\"https:\/\/i0.wp.com\/asurb.com\/asurb3\/wp-content\/uploads\/2016\/05\/Afrique-in-visu.jpg?fit=150%2C118&amp;ssl=1\" data-orig-size=\"150,118\" data-comments-opened=\"1\" data-image-meta=\"{&quot;aperture&quot;:&quot;0&quot;,&quot;credit&quot;:&quot;&quot;,&quot;camera&quot;:&quot;&quot;,&quot;caption&quot;:&quot;&quot;,&quot;created_timestamp&quot;:&quot;0&quot;,&quot;copyright&quot;:&quot;&quot;,&quot;focal_length&quot;:&quot;0&quot;,&quot;iso&quot;:&quot;0&quot;,&quot;shutter_speed&quot;:&quot;0&quot;,&quot;title&quot;:&quot;&quot;,&quot;orientation&quot;:&quot;0&quot;}\" data-image-title=\"Afrique-in-visu\" data-image-description=\"\" data-image-caption=\"\" data-large-file=\"https:\/\/i0.wp.com\/asurb.com\/asurb3\/wp-content\/uploads\/2016\/05\/Afrique-in-visu.jpg?fit=150%2C118&amp;ssl=1\" class=\"alignleft size-full wp-image-903\" src=\"https:\/\/i0.wp.com\/asurb.com\/asurb3\/wp-content\/uploads\/2016\/05\/Afrique-in-visu.jpg?resize=150%2C118\" alt=\"Afrique-in-visu\" width=\"150\" height=\"118\" srcset=\"https:\/\/i0.wp.com\/asurb.com\/asurb3\/wp-content\/uploads\/2016\/05\/Afrique-in-visu.jpg?w=150&amp;ssl=1 150w, https:\/\/i0.wp.com\/asurb.com\/asurb3\/wp-content\/uploads\/2016\/05\/Afrique-in-visu.jpg?resize=100%2C79&amp;ssl=1 100w\" sizes=\"auto, (max-width: 150px) 100vw, 150px\" \/><\/a><\/p>\n<p><a href=\"http:\/\/afriqueinvisu.org\">www.afriqueinvisu.org<\/a><br \/>\nPlateforme d\u2019\u00e9changes autour du m\u00e9tier de photographe en Afrique.<\/p>\n<p><a href=\"https:\/\/i0.wp.com\/asurb.com\/asurb3\/wp-content\/uploads\/2016\/05\/CineGuimbi.jpg\"><img data-recalc-dims=\"1\" loading=\"lazy\" decoding=\"async\" data-attachment-id=\"902\" data-permalink=\"https:\/\/asurb.com\/asurb3\/?attachment_id=902\" data-orig-file=\"https:\/\/i0.wp.com\/asurb.com\/asurb3\/wp-content\/uploads\/2016\/05\/CineGuimbi.jpg?fit=150%2C40&amp;ssl=1\" data-orig-size=\"150,40\" data-comments-opened=\"1\" data-image-meta=\"{&quot;aperture&quot;:&quot;0&quot;,&quot;credit&quot;:&quot;&quot;,&quot;camera&quot;:&quot;&quot;,&quot;caption&quot;:&quot;&quot;,&quot;created_timestamp&quot;:&quot;0&quot;,&quot;copyright&quot;:&quot;&quot;,&quot;focal_length&quot;:&quot;0&quot;,&quot;iso&quot;:&quot;0&quot;,&quot;shutter_speed&quot;:&quot;0&quot;,&quot;title&quot;:&quot;&quot;,&quot;orientation&quot;:&quot;0&quot;}\" data-image-title=\"CineGuimbi\" data-image-description=\"\" data-image-caption=\"\" data-large-file=\"https:\/\/i0.wp.com\/asurb.com\/asurb3\/wp-content\/uploads\/2016\/05\/CineGuimbi.jpg?fit=150%2C40&amp;ssl=1\" class=\"alignleft size-full wp-image-902\" src=\"https:\/\/i0.wp.com\/asurb.com\/asurb3\/wp-content\/uploads\/2016\/05\/CineGuimbi.jpg?resize=150%2C40\" alt=\"CineGuimbi\" width=\"150\" height=\"40\" srcset=\"https:\/\/i0.wp.com\/asurb.com\/asurb3\/wp-content\/uploads\/2016\/05\/CineGuimbi.jpg?w=150&amp;ssl=1 150w, https:\/\/i0.wp.com\/asurb.com\/asurb3\/wp-content\/uploads\/2016\/05\/CineGuimbi.jpg?resize=100%2C27&amp;ssl=1 100w\" sizes=\"auto, (max-width: 150px) 100vw, 150px\" \/><\/a><\/p>\n<p><a href=\"http:\/\/cineguimbi.org\">www.cineguimbi.org<\/a><br \/>\nCin\u00e9 Guimbi Bobo Dioulasso. Association de soutien du cin\u00e9ma au Burkina Faso.<\/p>\n","protected":false},"excerpt":{"rendered":"<p>Pour entrer en relation avec d\u2019autres d\u00e9couvreurs ou passeurs d\u2019images venues d\u2019Afrique\u2026 www.institutfrancais.com Sa Cin\u00e9math\u00e8que Afrique constitue une importante collection de films africains. www.africultures.com Un site enti\u00e8rement consacr\u00e9 aux cultures [&hellip;]<\/p>\n","protected":false},"author":1,"featured_media":0,"parent":0,"menu_order":0,"comment_status":"closed","ping_status":"closed","template":"","meta":{"footnotes":""},"class_list":["post-8","page","type-page","status-publish","hentry"],"jetpack_sharing_enabled":true,"jetpack_shortlink":"https:\/\/wp.me\/P7C6tF-8","jetpack-related-posts":[],"_links":{"self":[{"href":"https:\/\/asurb.com\/asurb3\/index.php?rest_route=\/wp\/v2\/pages\/8","targetHints":{"allow":["GET"]}}],"collection":[{"href":"https:\/\/asurb.com\/asurb3\/index.php?rest_route=\/wp\/v2\/pages"}],"about":[{"href":"https:\/\/asurb.com\/asurb3\/index.php?rest_route=\/wp\/v2\/types\/page"}],"author":[{"embeddable":true,"href":"https:\/\/asurb.com\/asurb3\/index.php?rest_route=\/wp\/v2\/users\/1"}],"replies":[{"embeddable":true,"href":"https:\/\/asurb.com\/asurb3\/index.php?rest_route=%2Fwp%2Fv2%2Fcomments&post=8"}],"version-history":[{"count":16,"href":"https:\/\/asurb.com\/asurb3\/index.php?rest_route=\/wp\/v2\/pages\/8\/revisions"}],"predecessor-version":[{"id":4851,"href":"https:\/\/asurb.com\/asurb3\/index.php?rest_route=\/wp\/v2\/pages\/8\/revisions\/4851"}],"wp:attachment":[{"href":"https:\/\/asurb.com\/asurb3\/index.php?rest_route=%2Fwp%2Fv2%2Fmedia&parent=8"}],"curies":[{"name":"wp","href":"https:\/\/api.w.org\/{rel}","templated":true}]}}